{"id":2272,"date":"2025-10-23T11:26:38","date_gmt":"2025-10-23T09:26:38","guid":{"rendered":"https:\/\/dreamhousekirilla.hu\/?post_type=product&#038;p=2272"},"modified":"2025-10-23T11:37:21","modified_gmt":"2025-10-23T09:37:21","slug":"panoramas-luxuslakas-a-vermezo-mellett-i-kerulet","status":"publish","type":"product","link":"https:\/\/dreamhousekirilla.hu\/de\/product\/panoramas-luxuslakas-a-vermezo-mellett-i-kerulet\/","title":{"rendered":"<b>77 m2<\/b> <br>Panor\u00e1m\u00e1s, bels\u0151\u00e9p\u00edt\u00e9sz \u00e1ltal tervezett luxuslak\u00e1s az I. ker\u00fcletben, az Attila \u00faton"},"content":{"rendered":"<p class=\"p1\"><b>Panor\u00e1m\u00e1s, bels\u0151\u00e9p\u00edt\u00e9sz \u00e1ltal tervezett luxuslak\u00e1s az I. ker\u00fcletben, az Attila \u00faton<\/b><b><\/b><\/p>\n<p class=\"p1\">Elad\u00e1sra k\u00edn\u00e1lunk egy <b>77 m\u00b2-es<\/b>, panor\u00e1m\u00e1s, <b>teljes k\u00f6r\u0171en fel\u00faj\u00edtott<\/b>, azonnal k\u00f6lt\u00f6zhet\u0151 lak\u00e1st Budapest egyik legkeresettebb lok\u00e1ci\u00f3j\u00e1ban, az <b>I. ker\u00fcletben<\/b>, az <b>Attila \u00faton<\/b>, k\u00f6zvetlen\u00fcl a <b>V\u00e9rmez\u0151 park<\/b> szomsz\u00e9ds\u00e1g\u00e1ban.<\/p>\n<p class=\"p1\">A lak\u00e1s minden r\u00e9szlet\u00e9ben a <b>min\u0151s\u00e9g, az elegancia \u00e9s az \u00e1tgondolt tervez\u00e9s<\/b> tal\u00e1lkozik. A bels\u0151\u00e9p\u00edt\u00e9sz \u00e1ltal meg\u00e1lmodott enteri\u0151r harmonikusan \u00f6tv\u00f6zi a modern letisztults\u00e1got \u00e9s a klasszikus budai hangulatot.<\/p>\n<p class=\"p1\">A lak\u00e1s eloszt\u00e1sa praktikus \u00e9s \u00e9lhet\u0151:<\/p>\n<p class=\"p1\">\u2022<b>t\u00e1gas nappali<\/b> amerikai konyh\u00e1val<\/p>\n<p class=\"p1\">\u2022<b>k\u00fcl\u00f6n h\u00e1l\u00f3szoba<\/b><b><\/b><\/p>\n<p class=\"p1\">\u2022<b>k\u00e9t WC<\/b><b><\/b><\/p>\n<p class=\"p1\">\u2022<b>k\u00e1das \u00e9s \u00e9p\u00edtett zuhanyz\u00f3s f\u00fcrd\u0151szoba<\/b><b><\/b><\/p>\n<p class=\"p1\">A <b>m\u0171szaki \u00e9s eszt\u00e9tikai fel\u00faj\u00edt\u00e1s<\/b> teljes k\u00f6r\u0171 volt, \u00edgy gyakorlatilag <b>\u00faj \u00e1llapot\u00fa otthont<\/b> k\u00edn\u00e1lunk. A korszer\u0171s\u00edt\u00e9s sor\u00e1n minden vezet\u00e9k \u00e9s burkolat cser\u00e9re ker\u00fclt, valamint:<\/p>\n<p class=\"p1\">\u2022\u00faj <b>v\u00edz- \u00e9s villanyh\u00e1l\u00f3zat<\/b><b><\/b><\/p>\n<p class=\"p1\">\u2022<b>Bosch g\u00e9pekkel felszerelt, pr\u00e9mium min\u0151s\u00e9g\u0171 konyha<\/b><b><\/b><\/p>\n<p class=\"p1\">\u2022<b>2 darab kl\u00edmaberendez\u00e9s<\/b><b><\/b><\/p>\n<p class=\"p1\">\u2022<b>\u00faj radi\u00e1torok \u00e9s ny\u00edl\u00e1sz\u00e1r\u00f3k<\/b><b><\/b><\/p>\n<p class=\"p1\">\u2022ig\u00e9nyes, modern burkolatok \u00e9s design vil\u00e1g\u00edt\u00e1s<\/p>\n<p class=\"p1\">Az <b>\u00f6t emeletes, rendezett t\u00e1rsash\u00e1z<\/b> tiszta, karbantartott, <b>m\u0171k\u00f6d\u0151 lifttel<\/b> und <b>fel\u00faj\u00edt\u00e1si alappal<\/b> rendelkezik.<\/p>\n<p class=\"p1\">A lok\u00e1ci\u00f3 Budapest egyik legjobbja: a <b>V\u00e9rmez\u0151 park<\/b> k\u00f6zvetlen\u00fcl az \u00e9p\u00fclettel szemben tal\u00e1lhat\u00f3, \u00edgy a lak\u00e1s ablak\u00e1b\u00f3l <b>z\u00f6ldre \u00e9s nyugalomra ny\u00edlik a kil\u00e1t\u00e1s<\/b>, mik\u00f6zben a v\u00e1ros pezsg\u00e9se is p\u00e1r percen bel\u00fcl el\u00e9rhet\u0151.<\/p>\n<p class=\"p1\">A <b>D\u00e9li p\u00e1lyaudvar<\/b>, bev\u00e1s\u00e1rl\u00e1si lehet\u0151s\u00e9gek, iskol\u00e1k, \u00e9ttermek \u00e9s t\u00f6megk\u00f6zleked\u00e9s mind <b>5\u201310 perc s\u00e9tat\u00e1vols\u00e1gra<\/b> helyezkednek el.<\/p>\n<p class=\"p1\">Ez a lak\u00e1s ide\u00e1lis v\u00e1laszt\u00e1s mindazok sz\u00e1m\u00e1ra, akik <b>egyedi tervez\u00e9s\u0171, modern \u00e9s eleg\u00e1ns otthont keresnek Budapest sz\u00edv\u00e9ben<\/b>, ahol a <b>kiv\u00e1l\u00f3 elhelyezked\u00e9s, a min\u0151s\u00e9g \u00e9s a k\u00e9nyelem<\/b> t\u00f6k\u00e9letes egys\u00e9get alkot.<\/p>\n<p class=\"p1\"><b>Pauschalpreis:<\/b> 398.999 EUR (\u00e1rfolyamf\u00fcgg\u0151) vagy 154.999.999 HUF<\/p>\n<p class=\"p1\">\u00c9rdekl\u0151d\u00e9s eset\u00e9n keressen bizalommal \u2013 ne hagyja ki ezt a k\u00fcl\u00f6nleges lehet\u0151s\u00e9get!<\/p>\n<p><br style=\"font-weight: 400;\" \/><br style=\"font-weight: 400;\" \/><\/p>","protected":false},"excerpt":{"rendered":"<div class=\"listing-property justify-content-around col col-print d-flex flex-column text-center border-end border-1 border-gray-100 px-3\"><span class=\"fw-bold fs-4\">77 m<sup>2<\/sup><\/span><\/div>\n<div class=\"listing-property justify-content-around col col-print d-flex flex-column text-center px-3\"><\/div>","protected":false},"featured_media":2273,"comment_status":"closed","ping_status":"closed","template":"","meta":{"_et_pb_use_builder":"off","_et_pb_old_content":"<b>Elad\u00f3 exkluz\u00edv Art Deco st\u00edlus\u00fa lak\u00e1s Budapest budai oldal\u00e1n, elvehetetlen panor\u00e1m\u00e1val a Parlamentre \u00e9s a Budai-hegys\u00e9gre.<\/b>\r\n\r\n<span style=\"font-weight: 400\">Elad\u00e1sra k\u00edn\u00e1lunk egy teljes k\u00f6r\u0171en fel\u00faj\u00edtott, st\u00edlusos, 70 m\u00b2-es Art Deco lak\u00e1st Budapest egyik legkeresettebb r\u00e9sz\u00e9n, a budai oldalon, egy \u00e9p\u00edt\u00e9szetileg kiemelked\u0151, harmadik emeleti t\u00e1rsash\u00e1zban.<\/span>\r\n\r\n<span style=\"font-weight: 400\">A lak\u00e1s k\u00fcl\u00f6nleges hangulat\u00e1t a szem\u00e9lyre szabott kialak\u00edt\u00e1s\u00fa amerikai konyh\u00e1s nappali, az eleg\u00e1ns f\u00fcrd\u0151szoba k\u00e1ddal, valamint a k\u00fcl\u00f6n WC is emeli. A t\u00e1gas nappali \u00e9s a k\u00e9nyelmes h\u00e1l\u00f3szoba ide\u00e1lis lak\u00f3k\u00f6rnyezetet biztos\u00edtanak. A h\u00e1l\u00f3szob\u00e1b\u00f3l ny\u00edl\u00f3 erk\u00e9lyr\u0151l leny\u0171g\u00f6z\u0151, elvehetetlen panor\u00e1ma ny\u00edlik a Parlamentre \u00e9s a Budai-hegys\u00e9gre \u2013 egy l\u00e1tv\u00e1ny, amely eg\u00e9sz \u00e9vben mag\u00e1val ragad.<\/span>\r\n\r\n<span style=\"font-weight: 400\">A lak\u00e1s jelenleg \u00f6ssze van nyitva egy szint\u00e9n fel\u00faj\u00edtott, 35 m\u00b2-es m\u00e1sik lak\u00e1ssal, amely egy t\u00e1gas szob\u00e1b\u00f3l erk\u00e9llyel, k\u00e9nyelmes f\u00fcrd\u0151szob\u00e1b\u00f3l, valamint k\u00fcl\u00f6n bej\u00e1ratb\u00f3l \u00e1ll. Ez a r\u00e9sz jelenleg gyerekszobak\u00e9nt \u00e9s gardr\u00f3bk\u00e9nt funkcion\u00e1l, de \u00f6n\u00e1ll\u00f3 lak\u00e1sk\u00e9nt is haszn\u00e1lhat\u00f3, mivel saj\u00e1t bej\u00e1rattal rendelkezik \u00e9s \u00f6n\u00e1ll\u00f3 helyrajzi sz\u00e1mon szerepel a tulajdoni lapon.<\/span>\r\n\r\n<span style=\"font-weight: 400\">Az \u00e9p\u00fclet m\u0171eml\u00e9ki v\u00e9detts\u00e9g alatt \u00e1ll\u00f3 \u00e9p\u00edt\u00e9szeti gy\u00f6ngyszem, amely szerepel a magyarorsz\u00e1gi Art Deco \u00e9p\u00fcletekr\u0151l sz\u00f3l\u00f3 szakirodalomban is. Csendes, hangulatos utc\u00e1ban tal\u00e1lhat\u00f3, a Margit h\u00edd budai h\u00eddf\u0151je mind\u00f6ssze 8 perc s\u00e9t\u00e1ra van. A 191-es, 291-es \u00e9s 91-es buszmeg\u00e1ll\u00f3k k\u00f6zvetlen\u00fcl a k\u00f6zelben vannak, a Mammut bev\u00e1s\u00e1rl\u00f3k\u00f6zpont pedig k\u00f6r\u00fclbel\u00fcl 10 perces s\u00e9t\u00e1val el\u00e9rhet\u0151.<\/span>\r\n\r\n<b>V\u00e9tel\u00e1r:<\/b>\r\n<ul>\r\n \t<li style=\"font-weight: 400\"><span style=\"font-weight: 400\">Csak a 70 m\u00b2-es lak\u00e1s: 348.999 EUR (\u00e1rfolyamf\u00fcgg\u0151) vagy 139.999.999 HUF<\/span><\/li>\r\n \t<li style=\"font-weight: 400\"><span style=\"font-weight: 400\">A teljes, egybenyitott 105 m\u00b2-es egys\u00e9g: 418.999 EUR vagy 209.999.999 HUF<\/span><\/li>\r\n<\/ul>\r\n<span style=\"font-weight: 400\">Ha ez a kiv\u00e9teles ingatlan felkeltette \u00e9rdekl\u0151d\u00e9s\u00e9t, \u00f6r\u00f6mmel \u00e1llunk rendelkez\u00e9s\u00e9re tov\u00e1bbi inform\u00e1ci\u00f3val, fot\u00f3kkal vagy egy szem\u00e9lyes megtekint\u00e9s egyeztet\u00e9s\u00e9vel.<\/span>\r\n\r\n<br style=\"font-weight: 400\" \/><br style=\"font-weight: 400\" \/>","_et_gb_content_width":"","inline_featured_image":false},"product_brand":[],"product_cat":[21],"product_tag":[],"class_list":{"0":"post-2272","1":"product","2":"type-product","3":"status-publish","4":"has-post-thumbnail","6":"product_cat-elado-ingatlanok","8":"first","9":"instock","10":"shipping-taxable","11":"purchasable","12":"product-type-simple"},"yoast_head":"<!-- This site is optimized with the Yoast SEO plugin v25.7 - https:\/\/yoast.com\/wordpress\/plugins\/seo\/ -->\n<title>77 m2 Panor\u00e1m\u00e1s, bels\u0151\u00e9p\u00edt\u00e9sz \u00e1ltal tervezett luxuslak\u00e1s az I. ker\u00fcletben, az Attila \u00faton - Dream House Kirilla<\/title>\n<meta name=\"description\" content=\"Teljesen fel\u00faj\u00edtott, bels\u0151\u00e9p\u00edt\u00e9sz \u00e1ltal tervezett 77 m\u00b2-es lak\u00e1s elad\u00f3 az Attila \u00faton, panor\u00e1m\u00e1val a V\u00e9rmez\u0151re. Modern, eleg\u00e1ns, azonnal k\u00f6lt\u00f6zhet\u0151 otthon.\" \/>\n<meta name=\"robots\" content=\"index, follow, max-snippet:-1, max-image-preview:large, max-video-preview:-1\" \/>\n<link rel=\"canonical\" href=\"https:\/\/dreamhousekirilla.hu\/de\/product\/panoramas-luxuslakas-a-vermezo-mellett-i-kerulet\/\" \/>\n<meta property=\"og:locale\" content=\"de_DE\" \/>\n<meta property=\"og:type\" content=\"article\" \/>\n<meta property=\"og:title\" content=\"77 m2 Panor\u00e1m\u00e1s, bels\u0151\u00e9p\u00edt\u00e9sz \u00e1ltal tervezett luxuslak\u00e1s az I. ker\u00fcletben, az Attila \u00faton - Dream House Kirilla\" \/>\n<meta property=\"og:description\" content=\"Teljesen fel\u00faj\u00edtott, bels\u0151\u00e9p\u00edt\u00e9sz \u00e1ltal tervezett 77 m\u00b2-es lak\u00e1s elad\u00f3 az Attila \u00faton, panor\u00e1m\u00e1val a V\u00e9rmez\u0151re. Modern, eleg\u00e1ns, azonnal k\u00f6lt\u00f6zhet\u0151 otthon.\" \/>\n<meta property=\"og:url\" content=\"https:\/\/dreamhousekirilla.hu\/de\/product\/panoramas-luxuslakas-a-vermezo-mellett-i-kerulet\/\" \/>\n<meta property=\"og:site_name\" content=\"Dream House Kirilla\" \/>\n<meta property=\"article:modified_time\" content=\"2025-10-23T09:37:21+00:00\" \/>\n<meta property=\"og:image\" content=\"https:\/\/dreamhousekirilla.hu\/wp-content\/uploads\/2025\/10\/1-scaled.jpeg\" \/>\n\t<meta property=\"og:image:width\" content=\"2560\" \/>\n\t<meta property=\"og:image:height\" content=\"1920\" \/>\n\t<meta property=\"og:image:type\" content=\"image\/jpeg\" \/>\n<meta name=\"twitter:card\" content=\"summary_large_image\" \/>\n<meta name=\"twitter:label1\" content=\"Gesch\u00e4tzte Lesezeit\" \/>\n\t<meta name=\"twitter:data1\" content=\"2\u00a0Minuten\" \/>\n<script type=\"application\/ld+json\" class=\"yoast-schema-graph\">{\"@context\":\"https:\/\/schema.org\",\"@graph\":[{\"@type\":\"WebPage\",\"@id\":\"https:\/\/dreamhousekirilla.hu\/termek\/panoramas-luxuslakas-a-vermezo-mellett-i-kerulet\/\",\"url\":\"https:\/\/dreamhousekirilla.hu\/termek\/panoramas-luxuslakas-a-vermezo-mellett-i-kerulet\/\",\"name\":\"77 m2 Panor\u00e1m\u00e1s, bels\u0151\u00e9p\u00edt\u00e9sz \u00e1ltal tervezett luxuslak\u00e1s az I. ker\u00fcletben, az Attila \u00faton - Dream House Kirilla\",\"isPartOf\":{\"@id\":\"https:\/\/dreamhousekirilla.hu\/#website\"},\"primaryImageOfPage\":{\"@id\":\"https:\/\/dreamhousekirilla.hu\/termek\/panoramas-luxuslakas-a-vermezo-mellett-i-kerulet\/#primaryimage\"},\"image\":{\"@id\":\"https:\/\/dreamhousekirilla.hu\/termek\/panoramas-luxuslakas-a-vermezo-mellett-i-kerulet\/#primaryimage\"},\"thumbnailUrl\":\"https:\/\/dreamhousekirilla.hu\/wp-content\/uploads\/2025\/10\/1-scaled.jpeg\",\"datePublished\":\"2025-10-23T09:26:38+00:00\",\"dateModified\":\"2025-10-23T09:37:21+00:00\",\"description\":\"Teljesen fel\u00faj\u00edtott, bels\u0151\u00e9p\u00edt\u00e9sz \u00e1ltal tervezett 77 m\u00b2-es lak\u00e1s elad\u00f3 az Attila \u00faton, panor\u00e1m\u00e1val a V\u00e9rmez\u0151re. Modern, eleg\u00e1ns, azonnal k\u00f6lt\u00f6zhet\u0151 otthon.\",\"breadcrumb\":{\"@id\":\"https:\/\/dreamhousekirilla.hu\/termek\/panoramas-luxuslakas-a-vermezo-mellett-i-kerulet\/#breadcrumb\"},\"inLanguage\":\"de\",\"potentialAction\":[{\"@type\":\"ReadAction\",\"target\":[\"https:\/\/dreamhousekirilla.hu\/termek\/panoramas-luxuslakas-a-vermezo-mellett-i-kerulet\/\"]}]},{\"@type\":\"ImageObject\",\"inLanguage\":\"de\",\"@id\":\"https:\/\/dreamhousekirilla.hu\/termek\/panoramas-luxuslakas-a-vermezo-mellett-i-kerulet\/#primaryimage\",\"url\":\"https:\/\/dreamhousekirilla.hu\/wp-content\/uploads\/2025\/10\/1-scaled.jpeg\",\"contentUrl\":\"https:\/\/dreamhousekirilla.hu\/wp-content\/uploads\/2025\/10\/1-scaled.jpeg\",\"width\":2560,\"height\":1920},{\"@type\":\"BreadcrumbList\",\"@id\":\"https:\/\/dreamhousekirilla.hu\/termek\/panoramas-luxuslakas-a-vermezo-mellett-i-kerulet\/#breadcrumb\",\"itemListElement\":[{\"@type\":\"ListItem\",\"position\":1,\"name\":\"Kezd\u0151lap\",\"item\":\"https:\/\/dreamhousekirilla.hu\/\"},{\"@type\":\"ListItem\",\"position\":2,\"name\":\"Shop\",\"item\":\"https:\/\/dreamhousekirilla.hu\/uzlet\/\"},{\"@type\":\"ListItem\",\"position\":3,\"name\":\"77 m2 Panor\u00e1m\u00e1s, bels\u0151\u00e9p\u00edt\u00e9sz \u00e1ltal tervezett luxuslak\u00e1s az I. ker\u00fcletben, az Attila \u00faton\"}]},{\"@type\":\"WebSite\",\"@id\":\"https:\/\/dreamhousekirilla.hu\/#website\",\"url\":\"https:\/\/dreamhousekirilla.hu\/\",\"name\":\"Dream House Kirilla\",\"description\":\"Real Estate Agency\",\"publisher\":{\"@id\":\"https:\/\/dreamhousekirilla.hu\/#organization\"},\"potentialAction\":[{\"@type\":\"SearchAction\",\"target\":{\"@type\":\"EntryPoint\",\"urlTemplate\":\"https:\/\/dreamhousekirilla.hu\/?s={search_term_string}\"},\"query-input\":{\"@type\":\"PropertyValueSpecification\",\"valueRequired\":true,\"valueName\":\"search_term_string\"}}],\"inLanguage\":\"de\"},{\"@type\":\"Organization\",\"@id\":\"https:\/\/dreamhousekirilla.hu\/#organization\",\"name\":\"Dream House Kirilla - real estate agency\",\"url\":\"https:\/\/dreamhousekirilla.hu\/\",\"logo\":{\"@type\":\"ImageObject\",\"inLanguage\":\"de\",\"@id\":\"https:\/\/dreamhousekirilla.hu\/#\/schema\/logo\/image\/\",\"url\":\"https:\/\/dreamhousekirilla.hu\/wp-content\/uploads\/2025\/07\/Logo-allitott-zold.jpg\",\"contentUrl\":\"https:\/\/dreamhousekirilla.hu\/wp-content\/uploads\/2025\/07\/Logo-allitott-zold.jpg\",\"width\":596,\"height\":275,\"caption\":\"Dream House Kirilla - real estate agency\"},\"image\":{\"@id\":\"https:\/\/dreamhousekirilla.hu\/#\/schema\/logo\/image\/\"}}]}<\/script>\n<!-- \/ Yoast SEO plugin. -->","yoast_head_json":{"title":"77 m2 Panor\u00e1m\u00e1s, bels\u0151\u00e9p\u00edt\u00e9sz \u00e1ltal tervezett luxuslak\u00e1s az I. ker\u00fcletben, az Attila \u00faton - Dream House Kirilla","description":"Teljesen fel\u00faj\u00edtott, bels\u0151\u00e9p\u00edt\u00e9sz \u00e1ltal tervezett 77 m\u00b2-es lak\u00e1s elad\u00f3 az Attila \u00faton, panor\u00e1m\u00e1val a V\u00e9rmez\u0151re. Modern, eleg\u00e1ns, azonnal k\u00f6lt\u00f6zhet\u0151 otthon.","robots":{"index":"index","follow":"follow","max-snippet":"max-snippet:-1","max-image-preview":"max-image-preview:large","max-video-preview":"max-video-preview:-1"},"canonical":"https:\/\/dreamhousekirilla.hu\/de\/product\/panoramas-luxuslakas-a-vermezo-mellett-i-kerulet\/","og_locale":"de_DE","og_type":"article","og_title":"77 m2 Panor\u00e1m\u00e1s, bels\u0151\u00e9p\u00edt\u00e9sz \u00e1ltal tervezett luxuslak\u00e1s az I. ker\u00fcletben, az Attila \u00faton - Dream House Kirilla","og_description":"Teljesen fel\u00faj\u00edtott, bels\u0151\u00e9p\u00edt\u00e9sz \u00e1ltal tervezett 77 m\u00b2-es lak\u00e1s elad\u00f3 az Attila \u00faton, panor\u00e1m\u00e1val a V\u00e9rmez\u0151re. Modern, eleg\u00e1ns, azonnal k\u00f6lt\u00f6zhet\u0151 otthon.","og_url":"https:\/\/dreamhousekirilla.hu\/de\/product\/panoramas-luxuslakas-a-vermezo-mellett-i-kerulet\/","og_site_name":"Dream House Kirilla","article_modified_time":"2025-10-23T09:37:21+00:00","og_image":[{"width":2560,"height":1920,"url":"https:\/\/dreamhousekirilla.hu\/wp-content\/uploads\/2025\/10\/1-scaled.jpeg","type":"image\/jpeg"}],"twitter_card":"summary_large_image","twitter_misc":{"Gesch\u00e4tzte Lesezeit":"2\u00a0Minuten"},"schema":{"@context":"https:\/\/schema.org","@graph":[{"@type":"WebPage","@id":"https:\/\/dreamhousekirilla.hu\/termek\/panoramas-luxuslakas-a-vermezo-mellett-i-kerulet\/","url":"https:\/\/dreamhousekirilla.hu\/termek\/panoramas-luxuslakas-a-vermezo-mellett-i-kerulet\/","name":"77 m2 Panor\u00e1m\u00e1s, bels\u0151\u00e9p\u00edt\u00e9sz \u00e1ltal tervezett luxuslak\u00e1s az I. ker\u00fcletben, az Attila \u00faton - Dream House Kirilla","isPartOf":{"@id":"https:\/\/dreamhousekirilla.hu\/#website"},"primaryImageOfPage":{"@id":"https:\/\/dreamhousekirilla.hu\/termek\/panoramas-luxuslakas-a-vermezo-mellett-i-kerulet\/#primaryimage"},"image":{"@id":"https:\/\/dreamhousekirilla.hu\/termek\/panoramas-luxuslakas-a-vermezo-mellett-i-kerulet\/#primaryimage"},"thumbnailUrl":"https:\/\/dreamhousekirilla.hu\/wp-content\/uploads\/2025\/10\/1-scaled.jpeg","datePublished":"2025-10-23T09:26:38+00:00","dateModified":"2025-10-23T09:37:21+00:00","description":"Teljesen fel\u00faj\u00edtott, bels\u0151\u00e9p\u00edt\u00e9sz \u00e1ltal tervezett 77 m\u00b2-es lak\u00e1s elad\u00f3 az Attila \u00faton, panor\u00e1m\u00e1val a V\u00e9rmez\u0151re. Modern, eleg\u00e1ns, azonnal k\u00f6lt\u00f6zhet\u0151 otthon.","breadcrumb":{"@id":"https:\/\/dreamhousekirilla.hu\/termek\/panoramas-luxuslakas-a-vermezo-mellett-i-kerulet\/#breadcrumb"},"inLanguage":"de","potentialAction":[{"@type":"ReadAction","target":["https:\/\/dreamhousekirilla.hu\/termek\/panoramas-luxuslakas-a-vermezo-mellett-i-kerulet\/"]}]},{"@type":"ImageObject","inLanguage":"de","@id":"https:\/\/dreamhousekirilla.hu\/termek\/panoramas-luxuslakas-a-vermezo-mellett-i-kerulet\/#primaryimage","url":"https:\/\/dreamhousekirilla.hu\/wp-content\/uploads\/2025\/10\/1-scaled.jpeg","contentUrl":"https:\/\/dreamhousekirilla.hu\/wp-content\/uploads\/2025\/10\/1-scaled.jpeg","width":2560,"height":1920},{"@type":"BreadcrumbList","@id":"https:\/\/dreamhousekirilla.hu\/termek\/panoramas-luxuslakas-a-vermezo-mellett-i-kerulet\/#breadcrumb","itemListElement":[{"@type":"ListItem","position":1,"name":"Kezd\u0151lap","item":"https:\/\/dreamhousekirilla.hu\/"},{"@type":"ListItem","position":2,"name":"Shop","item":"https:\/\/dreamhousekirilla.hu\/uzlet\/"},{"@type":"ListItem","position":3,"name":"77 m2 Panor\u00e1m\u00e1s, bels\u0151\u00e9p\u00edt\u00e9sz \u00e1ltal tervezett luxuslak\u00e1s az I. ker\u00fcletben, az Attila \u00faton"}]},{"@type":"WebSite","@id":"https:\/\/dreamhousekirilla.hu\/#website","url":"https:\/\/dreamhousekirilla.hu\/","name":"DREAM HOUSE Kirilla","description":"Immobilienb\u00fcro","publisher":{"@id":"https:\/\/dreamhousekirilla.hu\/#organization"},"potentialAction":[{"@type":"SearchAction","target":{"@type":"EntryPoint","urlTemplate":"https:\/\/dreamhousekirilla.hu\/?s={search_term_string}"},"query-input":{"@type":"PropertyValueSpecification","valueRequired":true,"valueName":"search_term_string"}}],"inLanguage":"de"},{"@type":"Organization","@id":"https:\/\/dreamhousekirilla.hu\/#organization","name":"Traumhaus Kirilla - Immobilienb\u00fcro","url":"https:\/\/dreamhousekirilla.hu\/","logo":{"@type":"ImageObject","inLanguage":"de","@id":"https:\/\/dreamhousekirilla.hu\/#\/schema\/logo\/image\/","url":"https:\/\/dreamhousekirilla.hu\/wp-content\/uploads\/2025\/07\/Logo-allitott-zold.jpg","contentUrl":"https:\/\/dreamhousekirilla.hu\/wp-content\/uploads\/2025\/07\/Logo-allitott-zold.jpg","width":596,"height":275,"caption":"Dream House Kirilla - real estate agency"},"image":{"@id":"https:\/\/dreamhousekirilla.hu\/#\/schema\/logo\/image\/"}}]}},"_links":{"self":[{"href":"https:\/\/dreamhousekirilla.hu\/de\/wp-json\/wp\/v2\/product\/2272","targetHints":{"allow":["GET"]}}],"collection":[{"href":"https:\/\/dreamhousekirilla.hu\/de\/wp-json\/wp\/v2\/product"}],"about":[{"href":"https:\/\/dreamhousekirilla.hu\/de\/wp-json\/wp\/v2\/types\/product"}],"replies":[{"embeddable":true,"href":"https:\/\/dreamhousekirilla.hu\/de\/wp-json\/wp\/v2\/comments?post=2272"}],"wp:featuredmedia":[{"embeddable":true,"href":"https:\/\/dreamhousekirilla.hu\/de\/wp-json\/wp\/v2\/media\/2273"}],"wp:attachment":[{"href":"https:\/\/dreamhousekirilla.hu\/de\/wp-json\/wp\/v2\/media?parent=2272"}],"wp:term":[{"taxonomy":"product_brand","embeddable":true,"href":"https:\/\/dreamhousekirilla.hu\/de\/wp-json\/wp\/v2\/product_brand?post=2272"},{"taxonomy":"product_cat","embeddable":true,"href":"https:\/\/dreamhousekirilla.hu\/de\/wp-json\/wp\/v2\/product_cat?post=2272"},{"taxonomy":"product_tag","embeddable":true,"href":"https:\/\/dreamhousekirilla.hu\/de\/wp-json\/wp\/v2\/product_tag?post=2272"}],"curies":[{"name":"wp","href":"https:\/\/api.w.org\/{rel}","templated":true}]}}