{"id":2310,"date":"2025-10-23T13:33:18","date_gmt":"2025-10-23T11:33:18","guid":{"rendered":"https:\/\/dreamhousekirilla.hu\/?post_type=product&#038;p=2310"},"modified":"2025-10-23T13:43:34","modified_gmt":"2025-10-23T11:43:34","slug":"elado-haz-zalakaros-szolohegyen-panoramas-kerttel","status":"publish","type":"product","link":"https:\/\/dreamhousekirilla.hu\/de\/product\/elado-haz-zalakaros-szolohegyen-panoramas-kerttel\/","title":{"rendered":"<b>90 m2<\/b> <br>Elad\u00f3 csal\u00e1di h\u00e1z Zalakaros sz\u0151l\u0151hegy\u00e9n, gy\u00f6ny\u00f6r\u0171 panor\u00e1m\u00e1val"},"content":{"rendered":"<p class=\"p1\"><b>Elad\u00f3 csal\u00e1di h\u00e1z Zalakaros sz\u0151l\u0151hegy\u00e9n, gy\u00f6ny\u00f6r\u0171 panor\u00e1m\u00e1val<\/b><b><\/b><\/p>\n<p class=\"p1\">Zalakaros csendes, z\u00f6ld\u00f6vezeti sz\u0151l\u0151hegy r\u00e9sz\u00e9n elad\u00e1sra k\u00edn\u00e1lunk egy 1600 m\u00b2-es z\u00e1rtkerti telken tal\u00e1lhat\u00f3, k\u00e9tszintes, 90 m\u00b2-es csal\u00e1di h\u00e1zat. Az ingatlan ide\u00e1lis v\u00e1laszt\u00e1s azok sz\u00e1m\u00e1ra, akik nyugalomra, t\u00e1gas \u00e9lett\u00e9rre \u00e9s term\u00e9szetk\u00f6zeli k\u00f6rnyezetre v\u00e1gynak.<\/p>\n<p class=\"p1\">A <b>f\u00f6ldszinten<\/b> r\u00e9szben fel\u00faj\u00edtott f\u00fcrd\u0151szoba tal\u00e1lhat\u00f3 zuhanyz\u00f3val \u00e9s WC-vel, valamint h\u00e1rom k\u00fcl\u00f6n bej\u00e1rat\u00fa szoba.<\/p>\n<p class=\"p1\">Az <b>emeletet<\/b> k\u00fcls\u0151 l\u00e9pcs\u0151n lehet megk\u00f6zel\u00edteni, ahol egy t\u00e1gas el\u0151szoba \u00e9s k\u00e9t tov\u00e1bbi szoba kapott helyet. Innen egy hangulatos <b>erk\u00e9ly<\/b> ny\u00edlik, amelyr\u0151l sz\u00e9p kil\u00e1t\u00e1s ny\u00edlik a k\u00f6rnyez\u0151 t\u00e1jra.<\/p>\n<p class=\"p1\">A <b>terasz alatt<\/b> egy z\u00e1rhat\u00f3 t\u00e1rol\u00f3 helyezkedik el, m\u00edg az \u00e9p\u00fclet oldal\u00e1b\u00f3l megk\u00f6zel\u00edthet\u0151 <b>pince szinten<\/b> konyhar\u00e9sz \u00e9s borospince tal\u00e1lhat\u00f3. Itt kapott helyet az elektromos bojler is, amely a h\u00e1z melegv\u00edz-ell\u00e1t\u00e1s\u00e1t biztos\u00edtja.<\/p>\n<p class=\"p1\">Az <b>udvarban<\/b> egy k\u00fcl\u00f6n\u00e1ll\u00f3, kinti f\u00fcrd\u0151egys\u00e9g is tal\u00e1lhat\u00f3.<\/p>\n<p class=\"p1\">A <b>telek elej\u00e9n<\/b> egy tov\u00e1bbi, fel\u00faj\u00edt\u00e1sra szorul\u00f3 \u00e9p\u00fclet \u00e1ll, amely alatt bolt\u00edves pince helyezkedik el.<\/p>\n<p class=\"p1\">A h\u00e1z jelenleg nincs r\u00e1k\u00f6tve a k\u00f6zcsatorn\u00e1ra, szennyv\u00edzgy\u0171jt\u0151 tart\u00e1ly ker\u00fclt kialak\u00edt\u00e1sra. A gondozott, <b>t\u00e1gas kertben<\/b> t\u00f6bb gy\u00fcm\u00f6lcsfa is megtal\u00e1lhat\u00f3, \u00e9s kiv\u00e1l\u00f3an alkalmas tov\u00e1bbi n\u00f6v\u00e9nytermeszt\u00e9sre vagy kisebb \u00e1llattart\u00e1sra is.<\/p>\n<p class=\"p1\">A kert <b>v\u00e9g\u00e9b\u0151l<\/b> gy\u00f6ny\u00f6r\u0171 panor\u00e1ma ny\u00edlik eg\u00e9sz Zalakarosra \u00e9s a h\u00edres term\u00e1lf\u00fcrd\u0151re.<\/p>\n<p class=\"p1\">A telek <b>m\u0171vel\u00e9s al\u00f3l nem kivont z\u00e1rtkert<\/b>, ez\u00e9rt az ad\u00e1sv\u00e9tel kif\u00fcggeszt\u00e9s k\u00f6teles.<\/p>\n<p class=\"p1\">Ez az ingatlan t\u00f6k\u00e9letes v\u00e1laszt\u00e1s mindazok sz\u00e1m\u00e1ra, akik vid\u00e9ki nyugalmat, term\u00e9szetk\u00f6zeli \u00e9letet keresnek, ak\u00e1r hobbigazdas\u00e1gk\u00e9nt, ak\u00e1r \u00e1lland\u00f3 lakhelyk\u00e9nt.<\/p>\n<p class=\"p1\"><b>Pauschalpreis:<\/b> 70.499 EUR (\u00e1rfolyamf\u00fcgg\u0151) vagy 27.499.999 HUF<\/p>\n<p class=\"p1\"><b>\u00c9rdekl\u0151d\u00e9s eset\u00e9n keressen bizalommal \u2013 ne hagyja ki ezt a k\u00fcl\u00f6nleges lehet\u0151s\u00e9get!<\/b><\/p>","protected":false},"excerpt":{"rendered":"<div class=\"listing-property justify-content-around col col-print d-flex flex-column text-center border-end border-1 border-gray-100 px-3\"><span class=\"fw-bold fs-4\">90 m2<\/span><\/div>\n<div class=\"listing-property justify-content-around col col-print d-flex flex-column text-center border-end border-1 border-gray-100 px-3\"><\/div>","protected":false},"featured_media":2311,"comment_status":"closed","ping_status":"closed","template":"","meta":{"_et_pb_use_builder":"","_et_pb_old_content":"","_et_gb_content_width":"","inline_featured_image":false},"product_brand":[],"product_cat":[21],"product_tag":[],"class_list":{"0":"post-2310","1":"product","2":"type-product","3":"status-publish","4":"has-post-thumbnail","6":"product_cat-elado-ingatlanok","8":"first","9":"instock","10":"shipping-taxable","11":"purchasable","12":"product-type-simple"},"yoast_head":"<!-- This site is optimized with the Yoast SEO plugin v25.7 - https:\/\/yoast.com\/wordpress\/plugins\/seo\/ -->\n<title>90 m2 Elad\u00f3 csal\u00e1di h\u00e1z Zalakaros sz\u0151l\u0151hegy\u00e9n, gy\u00f6ny\u00f6r\u0171 panor\u00e1m\u00e1val - Dream House Kirilla<\/title>\n<meta name=\"description\" content=\"Zalakaros sz\u0151l\u0151hegy\u00e9n elad\u00f3 egy 90 m\u00b2-es, k\u00e9tszintes csal\u00e1di h\u00e1z 1.600 m\u00b2-es z\u00e1rtkerti telken. K\u00fcls\u0151 l\u00e9pcs\u0151vel megk\u00f6zel\u00edthet\u0151 emelet, t\u00e1gas szob\u00e1k, erk\u00e9ly sz\u00e9p kil\u00e1t\u00e1ssal, pince \u00e9s borospince, gy\u00fcm\u00f6lcsf\u00e1s kert. Ide\u00e1lis vid\u00e9ki otthonnak vagy hobbigazdas\u00e1gnak. Ir\u00e1ny\u00e1r: 70.499 EUR \/ 27.499.999 HUF.\" \/>\n<meta name=\"robots\" content=\"index, follow, max-snippet:-1, max-image-preview:large, max-video-preview:-1\" \/>\n<link rel=\"canonical\" href=\"https:\/\/dreamhousekirilla.hu\/de\/product\/elado-haz-zalakaros-szolohegyen-panoramas-kerttel\/\" \/>\n<meta property=\"og:locale\" content=\"de_DE\" \/>\n<meta property=\"og:type\" content=\"article\" \/>\n<meta property=\"og:title\" content=\"90 m2 Elad\u00f3 csal\u00e1di h\u00e1z Zalakaros sz\u0151l\u0151hegy\u00e9n, gy\u00f6ny\u00f6r\u0171 panor\u00e1m\u00e1val - Dream House Kirilla\" \/>\n<meta property=\"og:description\" content=\"Zalakaros sz\u0151l\u0151hegy\u00e9n elad\u00f3 egy 90 m\u00b2-es, k\u00e9tszintes csal\u00e1di h\u00e1z 1.600 m\u00b2-es z\u00e1rtkerti telken. K\u00fcls\u0151 l\u00e9pcs\u0151vel megk\u00f6zel\u00edthet\u0151 emelet, t\u00e1gas szob\u00e1k, erk\u00e9ly sz\u00e9p kil\u00e1t\u00e1ssal, pince \u00e9s borospince, gy\u00fcm\u00f6lcsf\u00e1s kert. Ide\u00e1lis vid\u00e9ki otthonnak vagy hobbigazdas\u00e1gnak. Ir\u00e1ny\u00e1r: 70.499 EUR \/ 27.499.999 HUF.\" \/>\n<meta property=\"og:url\" content=\"https:\/\/dreamhousekirilla.hu\/de\/product\/elado-haz-zalakaros-szolohegyen-panoramas-kerttel\/\" \/>\n<meta property=\"og:site_name\" content=\"Dream House Kirilla\" \/>\n<meta property=\"article:modified_time\" content=\"2025-10-23T11:43:34+00:00\" \/>\n<meta property=\"og:image\" content=\"https:\/\/dreamhousekirilla.hu\/wp-content\/uploads\/2025\/10\/1-2-scaled.jpeg\" \/>\n\t<meta property=\"og:image:width\" content=\"2560\" \/>\n\t<meta property=\"og:image:height\" content=\"1920\" \/>\n\t<meta property=\"og:image:type\" content=\"image\/jpeg\" \/>\n<meta name=\"twitter:card\" content=\"summary_large_image\" \/>\n<meta name=\"twitter:label1\" content=\"Gesch\u00e4tzte Lesezeit\" \/>\n\t<meta name=\"twitter:data1\" content=\"2\u00a0Minuten\" \/>\n<script type=\"application\/ld+json\" class=\"yoast-schema-graph\">{\"@context\":\"https:\/\/schema.org\",\"@graph\":[{\"@type\":\"WebPage\",\"@id\":\"https:\/\/dreamhousekirilla.hu\/termek\/elado-haz-zalakaros-szolohegyen-panoramas-kerttel\/\",\"url\":\"https:\/\/dreamhousekirilla.hu\/termek\/elado-haz-zalakaros-szolohegyen-panoramas-kerttel\/\",\"name\":\"90 m2 Elad\u00f3 csal\u00e1di h\u00e1z Zalakaros sz\u0151l\u0151hegy\u00e9n, gy\u00f6ny\u00f6r\u0171 panor\u00e1m\u00e1val - Dream House Kirilla\",\"isPartOf\":{\"@id\":\"https:\/\/dreamhousekirilla.hu\/#website\"},\"primaryImageOfPage\":{\"@id\":\"https:\/\/dreamhousekirilla.hu\/termek\/elado-haz-zalakaros-szolohegyen-panoramas-kerttel\/#primaryimage\"},\"image\":{\"@id\":\"https:\/\/dreamhousekirilla.hu\/termek\/elado-haz-zalakaros-szolohegyen-panoramas-kerttel\/#primaryimage\"},\"thumbnailUrl\":\"https:\/\/dreamhousekirilla.hu\/wp-content\/uploads\/2025\/10\/1-2-scaled.jpeg\",\"datePublished\":\"2025-10-23T11:33:18+00:00\",\"dateModified\":\"2025-10-23T11:43:34+00:00\",\"description\":\"Zalakaros sz\u0151l\u0151hegy\u00e9n elad\u00f3 egy 90 m\u00b2-es, k\u00e9tszintes csal\u00e1di h\u00e1z 1.600 m\u00b2-es z\u00e1rtkerti telken. K\u00fcls\u0151 l\u00e9pcs\u0151vel megk\u00f6zel\u00edthet\u0151 emelet, t\u00e1gas szob\u00e1k, erk\u00e9ly sz\u00e9p kil\u00e1t\u00e1ssal, pince \u00e9s borospince, gy\u00fcm\u00f6lcsf\u00e1s kert. Ide\u00e1lis vid\u00e9ki otthonnak vagy hobbigazdas\u00e1gnak. Ir\u00e1ny\u00e1r: 70.499 EUR \/ 27.499.999 HUF.\",\"breadcrumb\":{\"@id\":\"https:\/\/dreamhousekirilla.hu\/termek\/elado-haz-zalakaros-szolohegyen-panoramas-kerttel\/#breadcrumb\"},\"inLanguage\":\"de\",\"potentialAction\":[{\"@type\":\"ReadAction\",\"target\":[\"https:\/\/dreamhousekirilla.hu\/termek\/elado-haz-zalakaros-szolohegyen-panoramas-kerttel\/\"]}]},{\"@type\":\"ImageObject\",\"inLanguage\":\"de\",\"@id\":\"https:\/\/dreamhousekirilla.hu\/termek\/elado-haz-zalakaros-szolohegyen-panoramas-kerttel\/#primaryimage\",\"url\":\"https:\/\/dreamhousekirilla.hu\/wp-content\/uploads\/2025\/10\/1-2-scaled.jpeg\",\"contentUrl\":\"https:\/\/dreamhousekirilla.hu\/wp-content\/uploads\/2025\/10\/1-2-scaled.jpeg\",\"width\":2560,\"height\":1920},{\"@type\":\"BreadcrumbList\",\"@id\":\"https:\/\/dreamhousekirilla.hu\/termek\/elado-haz-zalakaros-szolohegyen-panoramas-kerttel\/#breadcrumb\",\"itemListElement\":[{\"@type\":\"ListItem\",\"position\":1,\"name\":\"Kezd\u0151lap\",\"item\":\"https:\/\/dreamhousekirilla.hu\/\"},{\"@type\":\"ListItem\",\"position\":2,\"name\":\"Shop\",\"item\":\"https:\/\/dreamhousekirilla.hu\/uzlet\/\"},{\"@type\":\"ListItem\",\"position\":3,\"name\":\"90 m2 Elad\u00f3 csal\u00e1di h\u00e1z Zalakaros sz\u0151l\u0151hegy\u00e9n, gy\u00f6ny\u00f6r\u0171 panor\u00e1m\u00e1val\"}]},{\"@type\":\"WebSite\",\"@id\":\"https:\/\/dreamhousekirilla.hu\/#website\",\"url\":\"https:\/\/dreamhousekirilla.hu\/\",\"name\":\"Dream House Kirilla\",\"description\":\"Real Estate Agency\",\"publisher\":{\"@id\":\"https:\/\/dreamhousekirilla.hu\/#organization\"},\"potentialAction\":[{\"@type\":\"SearchAction\",\"target\":{\"@type\":\"EntryPoint\",\"urlTemplate\":\"https:\/\/dreamhousekirilla.hu\/?s={search_term_string}\"},\"query-input\":{\"@type\":\"PropertyValueSpecification\",\"valueRequired\":true,\"valueName\":\"search_term_string\"}}],\"inLanguage\":\"de\"},{\"@type\":\"Organization\",\"@id\":\"https:\/\/dreamhousekirilla.hu\/#organization\",\"name\":\"Dream House Kirilla - real estate agency\",\"url\":\"https:\/\/dreamhousekirilla.hu\/\",\"logo\":{\"@type\":\"ImageObject\",\"inLanguage\":\"de\",\"@id\":\"https:\/\/dreamhousekirilla.hu\/#\/schema\/logo\/image\/\",\"url\":\"https:\/\/dreamhousekirilla.hu\/wp-content\/uploads\/2025\/07\/Logo-allitott-zold.jpg\",\"contentUrl\":\"https:\/\/dreamhousekirilla.hu\/wp-content\/uploads\/2025\/07\/Logo-allitott-zold.jpg\",\"width\":596,\"height\":275,\"caption\":\"Dream House Kirilla - real estate agency\"},\"image\":{\"@id\":\"https:\/\/dreamhousekirilla.hu\/#\/schema\/logo\/image\/\"}}]}<\/script>\n<!-- \/ Yoast SEO plugin. -->","yoast_head_json":{"title":"90 m2 Elad\u00f3 csal\u00e1di h\u00e1z Zalakaros sz\u0151l\u0151hegy\u00e9n, gy\u00f6ny\u00f6r\u0171 panor\u00e1m\u00e1val - Dream House Kirilla","description":"Zalakaros sz\u0151l\u0151hegy\u00e9n elad\u00f3 egy 90 m\u00b2-es, k\u00e9tszintes csal\u00e1di h\u00e1z 1.600 m\u00b2-es z\u00e1rtkerti telken. K\u00fcls\u0151 l\u00e9pcs\u0151vel megk\u00f6zel\u00edthet\u0151 emelet, t\u00e1gas szob\u00e1k, erk\u00e9ly sz\u00e9p kil\u00e1t\u00e1ssal, pince \u00e9s borospince, gy\u00fcm\u00f6lcsf\u00e1s kert. Ide\u00e1lis vid\u00e9ki otthonnak vagy hobbigazdas\u00e1gnak. Ir\u00e1ny\u00e1r: 70.499 EUR \/ 27.499.999 HUF.","robots":{"index":"index","follow":"follow","max-snippet":"max-snippet:-1","max-image-preview":"max-image-preview:large","max-video-preview":"max-video-preview:-1"},"canonical":"https:\/\/dreamhousekirilla.hu\/de\/product\/elado-haz-zalakaros-szolohegyen-panoramas-kerttel\/","og_locale":"de_DE","og_type":"article","og_title":"90 m2 Elad\u00f3 csal\u00e1di h\u00e1z Zalakaros sz\u0151l\u0151hegy\u00e9n, gy\u00f6ny\u00f6r\u0171 panor\u00e1m\u00e1val - Dream House Kirilla","og_description":"Zalakaros sz\u0151l\u0151hegy\u00e9n elad\u00f3 egy 90 m\u00b2-es, k\u00e9tszintes csal\u00e1di h\u00e1z 1.600 m\u00b2-es z\u00e1rtkerti telken. K\u00fcls\u0151 l\u00e9pcs\u0151vel megk\u00f6zel\u00edthet\u0151 emelet, t\u00e1gas szob\u00e1k, erk\u00e9ly sz\u00e9p kil\u00e1t\u00e1ssal, pince \u00e9s borospince, gy\u00fcm\u00f6lcsf\u00e1s kert. Ide\u00e1lis vid\u00e9ki otthonnak vagy hobbigazdas\u00e1gnak. Ir\u00e1ny\u00e1r: 70.499 EUR \/ 27.499.999 HUF.","og_url":"https:\/\/dreamhousekirilla.hu\/de\/product\/elado-haz-zalakaros-szolohegyen-panoramas-kerttel\/","og_site_name":"Dream House Kirilla","article_modified_time":"2025-10-23T11:43:34+00:00","og_image":[{"width":2560,"height":1920,"url":"https:\/\/dreamhousekirilla.hu\/wp-content\/uploads\/2025\/10\/1-2-scaled.jpeg","type":"image\/jpeg"}],"twitter_card":"summary_large_image","twitter_misc":{"Gesch\u00e4tzte Lesezeit":"2\u00a0Minuten"},"schema":{"@context":"https:\/\/schema.org","@graph":[{"@type":"WebPage","@id":"https:\/\/dreamhousekirilla.hu\/termek\/elado-haz-zalakaros-szolohegyen-panoramas-kerttel\/","url":"https:\/\/dreamhousekirilla.hu\/termek\/elado-haz-zalakaros-szolohegyen-panoramas-kerttel\/","name":"90 m2 Elad\u00f3 csal\u00e1di h\u00e1z Zalakaros sz\u0151l\u0151hegy\u00e9n, gy\u00f6ny\u00f6r\u0171 panor\u00e1m\u00e1val - Dream House Kirilla","isPartOf":{"@id":"https:\/\/dreamhousekirilla.hu\/#website"},"primaryImageOfPage":{"@id":"https:\/\/dreamhousekirilla.hu\/termek\/elado-haz-zalakaros-szolohegyen-panoramas-kerttel\/#primaryimage"},"image":{"@id":"https:\/\/dreamhousekirilla.hu\/termek\/elado-haz-zalakaros-szolohegyen-panoramas-kerttel\/#primaryimage"},"thumbnailUrl":"https:\/\/dreamhousekirilla.hu\/wp-content\/uploads\/2025\/10\/1-2-scaled.jpeg","datePublished":"2025-10-23T11:33:18+00:00","dateModified":"2025-10-23T11:43:34+00:00","description":"Zalakaros sz\u0151l\u0151hegy\u00e9n elad\u00f3 egy 90 m\u00b2-es, k\u00e9tszintes csal\u00e1di h\u00e1z 1.600 m\u00b2-es z\u00e1rtkerti telken. K\u00fcls\u0151 l\u00e9pcs\u0151vel megk\u00f6zel\u00edthet\u0151 emelet, t\u00e1gas szob\u00e1k, erk\u00e9ly sz\u00e9p kil\u00e1t\u00e1ssal, pince \u00e9s borospince, gy\u00fcm\u00f6lcsf\u00e1s kert. Ide\u00e1lis vid\u00e9ki otthonnak vagy hobbigazdas\u00e1gnak. Ir\u00e1ny\u00e1r: 70.499 EUR \/ 27.499.999 HUF.","breadcrumb":{"@id":"https:\/\/dreamhousekirilla.hu\/termek\/elado-haz-zalakaros-szolohegyen-panoramas-kerttel\/#breadcrumb"},"inLanguage":"de","potentialAction":[{"@type":"ReadAction","target":["https:\/\/dreamhousekirilla.hu\/termek\/elado-haz-zalakaros-szolohegyen-panoramas-kerttel\/"]}]},{"@type":"ImageObject","inLanguage":"de","@id":"https:\/\/dreamhousekirilla.hu\/termek\/elado-haz-zalakaros-szolohegyen-panoramas-kerttel\/#primaryimage","url":"https:\/\/dreamhousekirilla.hu\/wp-content\/uploads\/2025\/10\/1-2-scaled.jpeg","contentUrl":"https:\/\/dreamhousekirilla.hu\/wp-content\/uploads\/2025\/10\/1-2-scaled.jpeg","width":2560,"height":1920},{"@type":"BreadcrumbList","@id":"https:\/\/dreamhousekirilla.hu\/termek\/elado-haz-zalakaros-szolohegyen-panoramas-kerttel\/#breadcrumb","itemListElement":[{"@type":"ListItem","position":1,"name":"Kezd\u0151lap","item":"https:\/\/dreamhousekirilla.hu\/"},{"@type":"ListItem","position":2,"name":"Shop","item":"https:\/\/dreamhousekirilla.hu\/uzlet\/"},{"@type":"ListItem","position":3,"name":"90 m2 Elad\u00f3 csal\u00e1di h\u00e1z Zalakaros sz\u0151l\u0151hegy\u00e9n, gy\u00f6ny\u00f6r\u0171 panor\u00e1m\u00e1val"}]},{"@type":"WebSite","@id":"https:\/\/dreamhousekirilla.hu\/#website","url":"https:\/\/dreamhousekirilla.hu\/","name":"DREAM HOUSE Kirilla","description":"Immobilienb\u00fcro","publisher":{"@id":"https:\/\/dreamhousekirilla.hu\/#organization"},"potentialAction":[{"@type":"SearchAction","target":{"@type":"EntryPoint","urlTemplate":"https:\/\/dreamhousekirilla.hu\/?s={search_term_string}"},"query-input":{"@type":"PropertyValueSpecification","valueRequired":true,"valueName":"search_term_string"}}],"inLanguage":"de"},{"@type":"Organization","@id":"https:\/\/dreamhousekirilla.hu\/#organization","name":"Traumhaus Kirilla - Immobilienb\u00fcro","url":"https:\/\/dreamhousekirilla.hu\/","logo":{"@type":"ImageObject","inLanguage":"de","@id":"https:\/\/dreamhousekirilla.hu\/#\/schema\/logo\/image\/","url":"https:\/\/dreamhousekirilla.hu\/wp-content\/uploads\/2025\/07\/Logo-allitott-zold.jpg","contentUrl":"https:\/\/dreamhousekirilla.hu\/wp-content\/uploads\/2025\/07\/Logo-allitott-zold.jpg","width":596,"height":275,"caption":"Dream House Kirilla - real estate agency"},"image":{"@id":"https:\/\/dreamhousekirilla.hu\/#\/schema\/logo\/image\/"}}]}},"_links":{"self":[{"href":"https:\/\/dreamhousekirilla.hu\/de\/wp-json\/wp\/v2\/product\/2310","targetHints":{"allow":["GET"]}}],"collection":[{"href":"https:\/\/dreamhousekirilla.hu\/de\/wp-json\/wp\/v2\/product"}],"about":[{"href":"https:\/\/dreamhousekirilla.hu\/de\/wp-json\/wp\/v2\/types\/product"}],"replies":[{"embeddable":true,"href":"https:\/\/dreamhousekirilla.hu\/de\/wp-json\/wp\/v2\/comments?post=2310"}],"wp:featuredmedia":[{"embeddable":true,"href":"https:\/\/dreamhousekirilla.hu\/de\/wp-json\/wp\/v2\/media\/2311"}],"wp:attachment":[{"href":"https:\/\/dreamhousekirilla.hu\/de\/wp-json\/wp\/v2\/media?parent=2310"}],"wp:term":[{"taxonomy":"product_brand","embeddable":true,"href":"https:\/\/dreamhousekirilla.hu\/de\/wp-json\/wp\/v2\/product_brand?post=2310"},{"taxonomy":"product_cat","embeddable":true,"href":"https:\/\/dreamhousekirilla.hu\/de\/wp-json\/wp\/v2\/product_cat?post=2310"},{"taxonomy":"product_tag","embeddable":true,"href":"https:\/\/dreamhousekirilla.hu\/de\/wp-json\/wp\/v2\/product_tag?post=2310"}],"curies":[{"name":"wp","href":"https:\/\/api.w.org\/{rel}","templated":true}]}}