{"id":2529,"date":"2026-02-02T18:09:28","date_gmt":"2026-02-02T17:09:28","guid":{"rendered":"https:\/\/dreamhousekirilla.hu\/?post_type=product&#038;p=2529"},"modified":"2026-02-02T18:20:39","modified_gmt":"2026-02-02T17:20:39","slug":"apartmanhaz-elado-heviz-premium-utcajaban-200-m%c2%b2-nagy-befektetesi-potencial","status":"publish","type":"product","link":"https:\/\/dreamhousekirilla.hu\/de\/product\/apartmanhaz-elado-heviz-premium-utcajaban-200-m%c2%b2-nagy-befektetesi-potencial\/","title":{"rendered":"<b>200 m2<\/b> <br>Nagy potenci\u00e1llal rendelkez\u0151 apartmanh\u00e1z H\u00e9v\u00edz kiemelt, pr\u00e9mium elhelyezked\u00e9s\u0171 r\u00e9sz\u00e9n"},"content":{"rendered":"<p class=\"p1\">Elad\u00e1sra k\u00edn\u00e1lunk H\u00e9v\u00edz egyik legk\u00f6zkedveltebb, folyamatosan \u00e9rt\u00e9kn\u00f6veked\u00e9st mutat\u00f3 utc\u00e1j\u00e1ban egy kiv\u00e1l\u00f3 adotts\u00e1gokkal rendelkez\u0151, k\u00e9tszintes, \u00f6sszesen 200 m\u00b2 alapter\u00fclet\u0171 apartmanh\u00e1zat\/csal\u00e1di h\u00e1zat, 694 m\u00b2-es, gondozott telken.<\/p>\n<p class=\"p1\">Az ingatlan kiemelten keresett, pr\u00e9mium lok\u00e1ci\u00f3ban helyezkedik el, amely mind lakhat\u00e1si, mind befektet\u00e9si szempontb\u00f3l rendk\u00edv\u00fcl vonz\u00f3. A k\u00f6rny\u00e9k infrastrukt\u00far\u00e1ja kiv\u00e1l\u00f3, a v\u00e1rosk\u00f6zpont \u00e9s a h\u00edres h\u00e9v\u00edzi term\u00e1lt\u00f3 r\u00f6vid id\u0151n bel\u00fcl el\u00e9rhet\u0151.<\/p>\n<p class=\"p1\">Az \u00e9p\u00fclet 1956-ban \u00e9p\u00fclt, az \u00e9vek sor\u00e1n kisebb fejleszt\u00e9sek t\u00f6rt\u00e9ntek, ugyanakkor az ingatlan teljes k\u00f6r\u0171 fel\u00faj\u00edt\u00e1st \u00e9s moderniz\u00e1ci\u00f3t ig\u00e9nyel, amely kiv\u00e1l\u00f3 lehet\u0151s\u00e9get biztos\u00edt az egy\u00e9ni ig\u00e9nyek szerinti \u00e1talak\u00edt\u00e1sra \u00e9s \u00e9rt\u00e9kn\u00f6vel\u00e9sre.<\/p>\n<p class=\"p1\">A h\u00e1z k\u00e9t szintje k\u00fcl\u00f6n bej\u00e1rattal is megk\u00f6zel\u00edthet\u0151, \u00edgy ide\u00e1lis v\u00e1laszt\u00e1s nagycsal\u00e1dosok, t\u00f6bb gener\u00e1ci\u00f3 egy\u00fctt\u00e9l\u00e9s\u00e9re, illetve apartmanh\u00e1zk\u00e9nt t\u00f6rt\u00e9n\u0151 hasznos\u00edt\u00e1sra is. Az ingatlan eredetileg is apartman jelleggel m\u0171k\u00f6d\u00f6tt, kialak\u00edt\u00e1sa ezt maxim\u00e1lisan t\u00e1mogatja.<\/p>\n<p class=\"p1\">Az als\u00f3 szinten egy \u00f6n\u00e1ll\u00f3 lakr\u00e9sz tal\u00e1lhat\u00f3 h\u00e1rom k\u00fcl\u00f6n\u00e1ll\u00f3 szob\u00e1val, egy t\u00e1gas, k\u00f6z\u00f6s f\u00fcrd\u0151szob\u00e1val, konyh\u00e1val, valamint egy k\u00fcl\u00f6n mos\u00f3konyh\u00e1val. Innen k\u00f6zvetlen kapcsolat biztos\u00edtott a h\u00e1ts\u00f3 bej\u00e1rati l\u00e9pcs\u0151h\u00e1zhoz, amely k\u00fcl\u00f6n z\u00e1rhat\u00f3. Az egyik h\u00e1l\u00f3szob\u00e1hoz saj\u00e1t f\u00fcrd\u0151szoba is tartozik.<\/p>\n<p class=\"p1\">A fels\u0151 szinten n\u00e9gy nagym\u00e9ret\u0171 h\u00e1l\u00f3szoba ker\u00fclt kialak\u00edt\u00e1sra, mindegyik saj\u00e1t f\u00fcrd\u0151szob\u00e1val \u00e9s erk\u00e9llyel. Ezen a szinten egy t\u00e1gas k\u00f6z\u00f6ss\u00e9gi t\u00e9r \u00e9s egy k\u00fcl\u00f6n konyha is helyet kapott, amely ide\u00e1liss\u00e1 teszi a szintet vend\u00e9gek fogad\u00e1s\u00e1ra vagy apartmanos \u00fczemeltet\u00e9sre.<\/p>\n<p class=\"p1\">Az ingatlan f\u0171t\u00e9s\u00e9r\u0151l g\u00e1zkonvektorok gondoskodnak. Az \u00e9p\u00fclet h\u00e1ts\u00f3 r\u00e9sz\u00e9ben, a h\u00e1ts\u00f3 bej\u00e1rat k\u00f6zel\u00e9ben egy borospince is tal\u00e1lhat\u00f3, amely tov\u00e1bb n\u00f6veli az ingatlan \u00e9rt\u00e9k\u00e9t \u00e9s hangulat\u00e1t.<\/p>\n<p class=\"p1\">Ez az ingatlan ritka lehet\u0151s\u00e9g H\u00e9v\u00edzen, amely kiv\u00e1l\u00f3 adotts\u00e1gai r\u00e9v\u00e9n t\u00f6k\u00e9letes v\u00e1laszt\u00e1s befektet\u0151k, mag\u00e1nsz\u00e1ll\u00e1shelyet \u00fczemeltet\u0151k vagy saj\u00e1t c\u00e9lra, hossz\u00fa t\u00e1vra tervez\u0151 v\u00e1s\u00e1rl\u00f3k sz\u00e1m\u00e1ra egyar\u00e1nt.<\/p>\n<p class=\"p1\">V\u00e9tel\u00e1r: 259.999 EUR (\u00e1rfolyamf\u00fcgg\u0151) vagy 98.999.999 Ft.<\/p>\n<p class=\"p1\">\u00c9rdekl\u0151d\u00e9s eset\u00e9n keressen benn\u00fcnket bizalommal, \u00e9s ne hagyja ki ezt a kiv\u00e9teles adotts\u00e1gokkal rendelkez\u0151 ingatlant.<\/p>","protected":false},"excerpt":{"rendered":"<div class=\"listing-property justify-content-around col col-print d-flex flex-column text-center border-end border-1 border-gray-100 px-3\">\n<div class=\"listing-property justify-content-around col col-print d-flex flex-column text-center border-end border-1 border-gray-100 px-3\"><span class=\"fw-bold fs-4\">200 m2<\/span><\/div>\n<div class=\"listing-property justify-content-around col col-print d-flex flex-column text-center border-end border-1 border-gray-100 px-3\"><\/div>\n<\/div>\n<div class=\"listing-property justify-content-around col col-print d-flex flex-column text-center border-end border-1 border-gray-100 px-3\"><\/div>","protected":false},"featured_media":2530,"comment_status":"closed","ping_status":"closed","template":"","meta":{"_et_pb_use_builder":"","_et_pb_old_content":"","_et_gb_content_width":"","inline_featured_image":false},"product_brand":[],"product_cat":[21],"product_tag":[],"class_list":{"0":"post-2529","1":"product","2":"type-product","3":"status-publish","4":"has-post-thumbnail","6":"product_cat-elado-ingatlanok","8":"first","9":"instock","10":"shipping-taxable","11":"purchasable","12":"product-type-simple"},"yoast_head":"<!-- This site is optimized with the Yoast SEO plugin v25.7 - https:\/\/yoast.com\/wordpress\/plugins\/seo\/ -->\n<title>200 m2 Nagy potenci\u00e1llal rendelkez\u0151 apartmanh\u00e1z H\u00e9v\u00edz kiemelt, pr\u00e9mium elhelyezked\u00e9s\u0171 r\u00e9sz\u00e9n - Dream House Kirilla<\/title>\n<meta name=\"description\" content=\"Fel\u00faj\u00edtand\u00f3, k\u00e9tszintes apartmanh\u00e1z elad\u00f3 H\u00e9v\u00edz egyik legkeresettebb, \u00e9rt\u00e9kn\u00f6veked\u0151 utc\u00e1j\u00e1ban. 200 m\u00b2 lak\u00f3t\u00e9r, 694 m\u00b2 telek, t\u00f6bb lakr\u00e9sz, ide\u00e1lis befektet\u00e9snek vagy t\u00f6bb gener\u00e1ci\u00f3 sz\u00e1m\u00e1ra.\" \/>\n<meta name=\"robots\" content=\"index, follow, max-snippet:-1, max-image-preview:large, max-video-preview:-1\" \/>\n<link rel=\"canonical\" href=\"https:\/\/dreamhousekirilla.hu\/de\/product\/apartmanhaz-elado-heviz-premium-utcajaban-200-m\u00b2-nagy-befektetesi-potencial\/\" \/>\n<meta property=\"og:locale\" content=\"de_DE\" \/>\n<meta property=\"og:type\" content=\"article\" \/>\n<meta property=\"og:title\" content=\"200 m2 Nagy potenci\u00e1llal rendelkez\u0151 apartmanh\u00e1z H\u00e9v\u00edz kiemelt, pr\u00e9mium elhelyezked\u00e9s\u0171 r\u00e9sz\u00e9n - Dream House Kirilla\" \/>\n<meta property=\"og:description\" content=\"Fel\u00faj\u00edtand\u00f3, k\u00e9tszintes apartmanh\u00e1z elad\u00f3 H\u00e9v\u00edz egyik legkeresettebb, \u00e9rt\u00e9kn\u00f6veked\u0151 utc\u00e1j\u00e1ban. 200 m\u00b2 lak\u00f3t\u00e9r, 694 m\u00b2 telek, t\u00f6bb lakr\u00e9sz, ide\u00e1lis befektet\u00e9snek vagy t\u00f6bb gener\u00e1ci\u00f3 sz\u00e1m\u00e1ra.\" \/>\n<meta property=\"og:url\" content=\"https:\/\/dreamhousekirilla.hu\/de\/product\/apartmanhaz-elado-heviz-premium-utcajaban-200-m\u00b2-nagy-befektetesi-potencial\/\" \/>\n<meta property=\"og:site_name\" content=\"Dream House Kirilla\" \/>\n<meta property=\"article:modified_time\" content=\"2026-02-02T17:20:39+00:00\" \/>\n<meta property=\"og:image\" content=\"https:\/\/dreamhousekirilla.hu\/wp-content\/uploads\/2026\/02\/IMG_8275-scaled.jpeg\" \/>\n\t<meta property=\"og:image:width\" content=\"2560\" \/>\n\t<meta property=\"og:image:height\" content=\"1920\" \/>\n\t<meta property=\"og:image:type\" content=\"image\/jpeg\" \/>\n<meta name=\"twitter:card\" content=\"summary_large_image\" \/>\n<meta name=\"twitter:label1\" content=\"Gesch\u00e4tzte Lesezeit\" \/>\n\t<meta name=\"twitter:data1\" content=\"2\u00a0Minuten\" \/>\n<script type=\"application\/ld+json\" class=\"yoast-schema-graph\">{\"@context\":\"https:\/\/schema.org\",\"@graph\":[{\"@type\":\"WebPage\",\"@id\":\"https:\/\/dreamhousekirilla.hu\/termek\/apartmanhaz-elado-heviz-premium-utcajaban-200-m%c2%b2-nagy-befektetesi-potencial\/\",\"url\":\"https:\/\/dreamhousekirilla.hu\/termek\/apartmanhaz-elado-heviz-premium-utcajaban-200-m%c2%b2-nagy-befektetesi-potencial\/\",\"name\":\"200 m2 Nagy potenci\u00e1llal rendelkez\u0151 apartmanh\u00e1z H\u00e9v\u00edz kiemelt, pr\u00e9mium elhelyezked\u00e9s\u0171 r\u00e9sz\u00e9n - Dream House Kirilla\",\"isPartOf\":{\"@id\":\"https:\/\/dreamhousekirilla.hu\/#website\"},\"primaryImageOfPage\":{\"@id\":\"https:\/\/dreamhousekirilla.hu\/termek\/apartmanhaz-elado-heviz-premium-utcajaban-200-m%c2%b2-nagy-befektetesi-potencial\/#primaryimage\"},\"image\":{\"@id\":\"https:\/\/dreamhousekirilla.hu\/termek\/apartmanhaz-elado-heviz-premium-utcajaban-200-m%c2%b2-nagy-befektetesi-potencial\/#primaryimage\"},\"thumbnailUrl\":\"https:\/\/dreamhousekirilla.hu\/wp-content\/uploads\/2026\/02\/IMG_8275-scaled.jpeg\",\"datePublished\":\"2026-02-02T17:09:28+00:00\",\"dateModified\":\"2026-02-02T17:20:39+00:00\",\"description\":\"Fel\u00faj\u00edtand\u00f3, k\u00e9tszintes apartmanh\u00e1z elad\u00f3 H\u00e9v\u00edz egyik legkeresettebb, \u00e9rt\u00e9kn\u00f6veked\u0151 utc\u00e1j\u00e1ban. 200 m\u00b2 lak\u00f3t\u00e9r, 694 m\u00b2 telek, t\u00f6bb lakr\u00e9sz, ide\u00e1lis befektet\u00e9snek vagy t\u00f6bb gener\u00e1ci\u00f3 sz\u00e1m\u00e1ra.\",\"breadcrumb\":{\"@id\":\"https:\/\/dreamhousekirilla.hu\/termek\/apartmanhaz-elado-heviz-premium-utcajaban-200-m%c2%b2-nagy-befektetesi-potencial\/#breadcrumb\"},\"inLanguage\":\"de\",\"potentialAction\":[{\"@type\":\"ReadAction\",\"target\":[\"https:\/\/dreamhousekirilla.hu\/termek\/apartmanhaz-elado-heviz-premium-utcajaban-200-m%c2%b2-nagy-befektetesi-potencial\/\"]}]},{\"@type\":\"ImageObject\",\"inLanguage\":\"de\",\"@id\":\"https:\/\/dreamhousekirilla.hu\/termek\/apartmanhaz-elado-heviz-premium-utcajaban-200-m%c2%b2-nagy-befektetesi-potencial\/#primaryimage\",\"url\":\"https:\/\/dreamhousekirilla.hu\/wp-content\/uploads\/2026\/02\/IMG_8275-scaled.jpeg\",\"contentUrl\":\"https:\/\/dreamhousekirilla.hu\/wp-content\/uploads\/2026\/02\/IMG_8275-scaled.jpeg\",\"width\":2560,\"height\":1920},{\"@type\":\"BreadcrumbList\",\"@id\":\"https:\/\/dreamhousekirilla.hu\/termek\/apartmanhaz-elado-heviz-premium-utcajaban-200-m%c2%b2-nagy-befektetesi-potencial\/#breadcrumb\",\"itemListElement\":[{\"@type\":\"ListItem\",\"position\":1,\"name\":\"Kezd\u0151lap\",\"item\":\"https:\/\/dreamhousekirilla.hu\/\"},{\"@type\":\"ListItem\",\"position\":2,\"name\":\"Shop\",\"item\":\"https:\/\/dreamhousekirilla.hu\/uzlet\/\"},{\"@type\":\"ListItem\",\"position\":3,\"name\":\"200 m2 Nagy potenci\u00e1llal rendelkez\u0151 apartmanh\u00e1z H\u00e9v\u00edz kiemelt, pr\u00e9mium elhelyezked\u00e9s\u0171 r\u00e9sz\u00e9n\"}]},{\"@type\":\"WebSite\",\"@id\":\"https:\/\/dreamhousekirilla.hu\/#website\",\"url\":\"https:\/\/dreamhousekirilla.hu\/\",\"name\":\"Dream House Kirilla\",\"description\":\"Real Estate Agency\",\"publisher\":{\"@id\":\"https:\/\/dreamhousekirilla.hu\/#organization\"},\"potentialAction\":[{\"@type\":\"SearchAction\",\"target\":{\"@type\":\"EntryPoint\",\"urlTemplate\":\"https:\/\/dreamhousekirilla.hu\/?s={search_term_string}\"},\"query-input\":{\"@type\":\"PropertyValueSpecification\",\"valueRequired\":true,\"valueName\":\"search_term_string\"}}],\"inLanguage\":\"de\"},{\"@type\":\"Organization\",\"@id\":\"https:\/\/dreamhousekirilla.hu\/#organization\",\"name\":\"Dream House Kirilla - real estate agency\",\"url\":\"https:\/\/dreamhousekirilla.hu\/\",\"logo\":{\"@type\":\"ImageObject\",\"inLanguage\":\"de\",\"@id\":\"https:\/\/dreamhousekirilla.hu\/#\/schema\/logo\/image\/\",\"url\":\"https:\/\/dreamhousekirilla.hu\/wp-content\/uploads\/2025\/07\/Logo-allitott-zold.jpg\",\"contentUrl\":\"https:\/\/dreamhousekirilla.hu\/wp-content\/uploads\/2025\/07\/Logo-allitott-zold.jpg\",\"width\":596,\"height\":275,\"caption\":\"Dream House Kirilla - real estate agency\"},\"image\":{\"@id\":\"https:\/\/dreamhousekirilla.hu\/#\/schema\/logo\/image\/\"}}]}<\/script>\n<!-- \/ Yoast SEO plugin. -->","yoast_head_json":{"title":"200 m2 Nagy potenci\u00e1llal rendelkez\u0151 apartmanh\u00e1z H\u00e9v\u00edz kiemelt, pr\u00e9mium elhelyezked\u00e9s\u0171 r\u00e9sz\u00e9n - Dream House Kirilla","description":"Fel\u00faj\u00edtand\u00f3, k\u00e9tszintes apartmanh\u00e1z elad\u00f3 H\u00e9v\u00edz egyik legkeresettebb, \u00e9rt\u00e9kn\u00f6veked\u0151 utc\u00e1j\u00e1ban. 200 m\u00b2 lak\u00f3t\u00e9r, 694 m\u00b2 telek, t\u00f6bb lakr\u00e9sz, ide\u00e1lis befektet\u00e9snek vagy t\u00f6bb gener\u00e1ci\u00f3 sz\u00e1m\u00e1ra.","robots":{"index":"index","follow":"follow","max-snippet":"max-snippet:-1","max-image-preview":"max-image-preview:large","max-video-preview":"max-video-preview:-1"},"canonical":"https:\/\/dreamhousekirilla.hu\/de\/product\/apartmanhaz-elado-heviz-premium-utcajaban-200-m\u00b2-nagy-befektetesi-potencial\/","og_locale":"de_DE","og_type":"article","og_title":"200 m2 Nagy potenci\u00e1llal rendelkez\u0151 apartmanh\u00e1z H\u00e9v\u00edz kiemelt, pr\u00e9mium elhelyezked\u00e9s\u0171 r\u00e9sz\u00e9n - Dream House Kirilla","og_description":"Fel\u00faj\u00edtand\u00f3, k\u00e9tszintes apartmanh\u00e1z elad\u00f3 H\u00e9v\u00edz egyik legkeresettebb, \u00e9rt\u00e9kn\u00f6veked\u0151 utc\u00e1j\u00e1ban. 200 m\u00b2 lak\u00f3t\u00e9r, 694 m\u00b2 telek, t\u00f6bb lakr\u00e9sz, ide\u00e1lis befektet\u00e9snek vagy t\u00f6bb gener\u00e1ci\u00f3 sz\u00e1m\u00e1ra.","og_url":"https:\/\/dreamhousekirilla.hu\/de\/product\/apartmanhaz-elado-heviz-premium-utcajaban-200-m\u00b2-nagy-befektetesi-potencial\/","og_site_name":"Dream House Kirilla","article_modified_time":"2026-02-02T17:20:39+00:00","og_image":[{"width":2560,"height":1920,"url":"https:\/\/dreamhousekirilla.hu\/wp-content\/uploads\/2026\/02\/IMG_8275-scaled.jpeg","type":"image\/jpeg"}],"twitter_card":"summary_large_image","twitter_misc":{"Gesch\u00e4tzte Lesezeit":"2\u00a0Minuten"},"schema":{"@context":"https:\/\/schema.org","@graph":[{"@type":"WebPage","@id":"https:\/\/dreamhousekirilla.hu\/termek\/apartmanhaz-elado-heviz-premium-utcajaban-200-m%c2%b2-nagy-befektetesi-potencial\/","url":"https:\/\/dreamhousekirilla.hu\/termek\/apartmanhaz-elado-heviz-premium-utcajaban-200-m%c2%b2-nagy-befektetesi-potencial\/","name":"200 m2 Nagy potenci\u00e1llal rendelkez\u0151 apartmanh\u00e1z H\u00e9v\u00edz kiemelt, pr\u00e9mium elhelyezked\u00e9s\u0171 r\u00e9sz\u00e9n - Dream House Kirilla","isPartOf":{"@id":"https:\/\/dreamhousekirilla.hu\/#website"},"primaryImageOfPage":{"@id":"https:\/\/dreamhousekirilla.hu\/termek\/apartmanhaz-elado-heviz-premium-utcajaban-200-m%c2%b2-nagy-befektetesi-potencial\/#primaryimage"},"image":{"@id":"https:\/\/dreamhousekirilla.hu\/termek\/apartmanhaz-elado-heviz-premium-utcajaban-200-m%c2%b2-nagy-befektetesi-potencial\/#primaryimage"},"thumbnailUrl":"https:\/\/dreamhousekirilla.hu\/wp-content\/uploads\/2026\/02\/IMG_8275-scaled.jpeg","datePublished":"2026-02-02T17:09:28+00:00","dateModified":"2026-02-02T17:20:39+00:00","description":"Fel\u00faj\u00edtand\u00f3, k\u00e9tszintes apartmanh\u00e1z elad\u00f3 H\u00e9v\u00edz egyik legkeresettebb, \u00e9rt\u00e9kn\u00f6veked\u0151 utc\u00e1j\u00e1ban. 200 m\u00b2 lak\u00f3t\u00e9r, 694 m\u00b2 telek, t\u00f6bb lakr\u00e9sz, ide\u00e1lis befektet\u00e9snek vagy t\u00f6bb gener\u00e1ci\u00f3 sz\u00e1m\u00e1ra.","breadcrumb":{"@id":"https:\/\/dreamhousekirilla.hu\/termek\/apartmanhaz-elado-heviz-premium-utcajaban-200-m%c2%b2-nagy-befektetesi-potencial\/#breadcrumb"},"inLanguage":"de","potentialAction":[{"@type":"ReadAction","target":["https:\/\/dreamhousekirilla.hu\/termek\/apartmanhaz-elado-heviz-premium-utcajaban-200-m%c2%b2-nagy-befektetesi-potencial\/"]}]},{"@type":"ImageObject","inLanguage":"de","@id":"https:\/\/dreamhousekirilla.hu\/termek\/apartmanhaz-elado-heviz-premium-utcajaban-200-m%c2%b2-nagy-befektetesi-potencial\/#primaryimage","url":"https:\/\/dreamhousekirilla.hu\/wp-content\/uploads\/2026\/02\/IMG_8275-scaled.jpeg","contentUrl":"https:\/\/dreamhousekirilla.hu\/wp-content\/uploads\/2026\/02\/IMG_8275-scaled.jpeg","width":2560,"height":1920},{"@type":"BreadcrumbList","@id":"https:\/\/dreamhousekirilla.hu\/termek\/apartmanhaz-elado-heviz-premium-utcajaban-200-m%c2%b2-nagy-befektetesi-potencial\/#breadcrumb","itemListElement":[{"@type":"ListItem","position":1,"name":"Kezd\u0151lap","item":"https:\/\/dreamhousekirilla.hu\/"},{"@type":"ListItem","position":2,"name":"Shop","item":"https:\/\/dreamhousekirilla.hu\/uzlet\/"},{"@type":"ListItem","position":3,"name":"200 m2 Nagy potenci\u00e1llal rendelkez\u0151 apartmanh\u00e1z H\u00e9v\u00edz kiemelt, pr\u00e9mium elhelyezked\u00e9s\u0171 r\u00e9sz\u00e9n"}]},{"@type":"WebSite","@id":"https:\/\/dreamhousekirilla.hu\/#website","url":"https:\/\/dreamhousekirilla.hu\/","name":"DREAM HOUSE Kirilla","description":"Immobilienb\u00fcro","publisher":{"@id":"https:\/\/dreamhousekirilla.hu\/#organization"},"potentialAction":[{"@type":"SearchAction","target":{"@type":"EntryPoint","urlTemplate":"https:\/\/dreamhousekirilla.hu\/?s={search_term_string}"},"query-input":{"@type":"PropertyValueSpecification","valueRequired":true,"valueName":"search_term_string"}}],"inLanguage":"de"},{"@type":"Organization","@id":"https:\/\/dreamhousekirilla.hu\/#organization","name":"Traumhaus Kirilla - Immobilienb\u00fcro","url":"https:\/\/dreamhousekirilla.hu\/","logo":{"@type":"ImageObject","inLanguage":"de","@id":"https:\/\/dreamhousekirilla.hu\/#\/schema\/logo\/image\/","url":"https:\/\/dreamhousekirilla.hu\/wp-content\/uploads\/2025\/07\/Logo-allitott-zold.jpg","contentUrl":"https:\/\/dreamhousekirilla.hu\/wp-content\/uploads\/2025\/07\/Logo-allitott-zold.jpg","width":596,"height":275,"caption":"Dream House Kirilla - real estate agency"},"image":{"@id":"https:\/\/dreamhousekirilla.hu\/#\/schema\/logo\/image\/"}}]}},"_links":{"self":[{"href":"https:\/\/dreamhousekirilla.hu\/de\/wp-json\/wp\/v2\/product\/2529","targetHints":{"allow":["GET"]}}],"collection":[{"href":"https:\/\/dreamhousekirilla.hu\/de\/wp-json\/wp\/v2\/product"}],"about":[{"href":"https:\/\/dreamhousekirilla.hu\/de\/wp-json\/wp\/v2\/types\/product"}],"replies":[{"embeddable":true,"href":"https:\/\/dreamhousekirilla.hu\/de\/wp-json\/wp\/v2\/comments?post=2529"}],"wp:featuredmedia":[{"embeddable":true,"href":"https:\/\/dreamhousekirilla.hu\/de\/wp-json\/wp\/v2\/media\/2530"}],"wp:attachment":[{"href":"https:\/\/dreamhousekirilla.hu\/de\/wp-json\/wp\/v2\/media?parent=2529"}],"wp:term":[{"taxonomy":"product_brand","embeddable":true,"href":"https:\/\/dreamhousekirilla.hu\/de\/wp-json\/wp\/v2\/product_brand?post=2529"},{"taxonomy":"product_cat","embeddable":true,"href":"https:\/\/dreamhousekirilla.hu\/de\/wp-json\/wp\/v2\/product_cat?post=2529"},{"taxonomy":"product_tag","embeddable":true,"href":"https:\/\/dreamhousekirilla.hu\/de\/wp-json\/wp\/v2\/product_tag?post=2529"}],"curies":[{"name":"wp","href":"https:\/\/api.w.org\/{rel}","templated":true}]}}