{"id":2554,"date":"2026-02-04T13:23:21","date_gmt":"2026-02-04T12:23:21","guid":{"rendered":"https:\/\/dreamhousekirilla.hu\/?post_type=product&#038;p=2554"},"modified":"2026-02-04T13:36:28","modified_gmt":"2026-02-04T12:36:28","slug":"felujitott-csaladi-haz-elado-zalacsanyban-nagy-telekkel-es-terasszal","status":"publish","type":"product","link":"https:\/\/dreamhousekirilla.hu\/de\/product\/felujitott-csaladi-haz-elado-zalacsanyban-nagy-telekkel-es-terasszal\/","title":{"rendered":"<b>143 m2<\/b> <br>Fel\u00faj\u00edtott csal\u00e1di h\u00e1z terasszal Zalacs\u00e1ny csendes r\u00e9sz\u00e9n"},"content":{"rendered":"<p class=\"p1\">Zalacs\u00e1ny k\u00f6zponti, m\u00e9gis nyugodt r\u00e9sz\u00e9n k\u00edn\u00e1lunk megv\u00e9telre egy kiv\u00e1l\u00f3 \u00e1llapot\u00fa, ig\u00e9nyesen fel\u00faj\u00edtott csal\u00e1di h\u00e1zat, amely ide\u00e1lis v\u00e1laszt\u00e1s lehet \u00e1lland\u00f3 otthonnak vagy \u00e9rt\u00e9k\u00e1ll\u00f3 befektet\u00e9snek egyar\u00e1nt.<\/p>\n<p class=\"p1\">Az 1983-ban, t\u00e9gla\u00e9p\u00edt\u00e9si m\u00f3ddal \u00e9p\u00fclt ingatlan nett\u00f3 143 m\u00b2 alapter\u00fclet\u0171, amelyhez egy impoz\u00e1ns, 60 m\u00b2-es teraszkapcsolat t\u00e1rsul. A h\u00e1z 2022-ben teljes k\u00f6r\u0171 fel\u00faj\u00edt\u00e1son esett \u00e1t, amely sor\u00e1n a mai kor elv\u00e1r\u00e1sainak megfelel\u0151en, min\u0151s\u00e9gi anyagok felhaszn\u00e1l\u00e1s\u00e1val moderniz\u00e1lt\u00e1k az \u00e9p\u00fcletet. \u00c1llapota k\u00edv\u00fcl \u00e9s bel\u00fcl egyar\u00e1nt kiv\u00e1l\u00f3.<\/p>\n<p class=\"p1\">Az ingatlan eloszt\u00e1sa j\u00f3l \u00e1tgondolt \u00e9s \u00e9lhet\u0151: h\u00e1rom h\u00e1l\u00f3szoba, t\u00e1gas nappali, amerikai konyh\u00e1s \u00e9tkez\u0151, k\u00e9t f\u00fcrd\u0151szoba, t\u00e1rol\u00f3-g\u00e9p\u00e9szeti helyis\u00e9g, valamint k\u00f6zvetlen teraszkapcsolat szolg\u00e1lja a k\u00e9nyelmet. A kellemes h\u0151m\u00e9rs\u00e9kletr\u0151l g\u00e1z\u00fczem\u0171 cirk\u00f3f\u0171t\u00e9s gondoskodik, a belmagass\u00e1g 249 cm. A lak\u00f3t\u00e9r egy szinten helyezkedik el, a h\u00e1z t\u00e1jol\u00e1sa d\u00e9l\u2013nyugati, \u00edgy vil\u00e1gos, napf\u00e9nyes bels\u0151 terekkel rendelkezik.<\/p>\n<p class=\"p1\">Az \u00e9p\u00fclet alatt egy 43 m\u00b2-es szuter\u00e9n szint tal\u00e1lhat\u00f3, ahol jelenleg egy j\u00f3l m\u0171k\u00f6d\u0151 v\u00e1llalkoz\u00e1s \u00fczemel. Ez ig\u00e9ny szerint tov\u00e1bbvihet\u0151, de kiv\u00e1l\u00f3 lehet\u0151s\u00e9get biztos\u00edt k\u00fcl\u00f6n bej\u00e1rat\u00fa lakr\u00e9sz, iroda vagy vend\u00e9gt\u00e9r kialak\u00edt\u00e1s\u00e1ra is.<\/p>\n<p class=\"p1\">A 1 770 m\u00b2-es, gondozott telek f\u00fcves\u00edtett, d\u00edszn\u00f6v\u00e9nyekkel \u00e9s term\u0151 gy\u00fcm\u00f6lcsf\u00e1kkal be\u00fcltetett. A kert \u00f6nt\u00f6z\u00e9se \u00e1sott k\u00fatr\u00f3l megoldott. A lak\u00f3k rendelkez\u00e9s\u00e9re \u00e1ll egy fedett, nagym\u00e9ret\u0171 terasz, pergola, valamint mell\u00e9k\u00e9p\u00fclet is. Az aut\u00f3k parkol\u00e1sa z\u00e1rt gar\u00e1zsban, illetve a telken bel\u00fcl is k\u00e9nyelmesen biztos\u00edtott.<\/p>\n<p class=\"p1\">Az ingatlan jogi helyzete rendezett, r\u00f6vid hat\u00e1rid\u0151vel birtokba vehet\u0151. A telep\u00fcl\u00e9sen el\u00e9rhet\u0151 a falusi CSOK, valamint az Otthon Start kedvez\u0151 kamatoz\u00e1s\u00fa hitelprogram is, amely tov\u00e1bb n\u00f6veli az ingatlan vonzerej\u00e9t.<\/p>\n<p class=\"p1\">Zalacs\u00e1ny a Zalai-dombs\u00e1g egyik legkedveltebb telep\u00fcl\u00e9se, mind\u00f6ssze n\u00e9h\u00e1ny kilom\u00e9terre a Balaton nyugati partj\u00e1t\u00f3l. A term\u00e9szetk\u00f6zeli k\u00f6rnyezet, a csend \u00e9s a kiv\u00e1l\u00f3 infrastrukt\u00fara harmonikus egyens\u00falyt teremt. A falu nevezetess\u00e9gei k\u00f6z\u00e9 tartozik t\u00f6bbek k\u00f6z\u00f6tt a Cs\u00e1nyi-csal\u00e1d mauz\u00f3leuma, az \u00c1rp\u00e1d-kori f\u00f6ldv\u00e1r \u00e9s tan\u00f6sv\u00e9ny, a 11 hekt\u00e1ros horg\u00e1szt\u00f3, valamint az egykori Batthy\u00e1ny-k\u00faria \u0151sf\u00e1s parkkal, amely ma kast\u00e9lysz\u00e1ll\u00f3k\u00e9nt m\u0171k\u00f6dik. Itt tal\u00e1lhat\u00f3 a nemzetk\u00f6zileg is elismert Zala Springs Golf Resort, Eur\u00f3pa egyik legszebb fekv\u00e9s\u0171 golfp\u00e1ly\u00e1ja. A k\u00f6rny\u00e9ken sz\u00e1mos kir\u00e1ndul\u00f3- \u00e9s ker\u00e9kp\u00e1r\u00fat \u00e9rhet\u0151 el, a wellnesskedvel\u0151k sz\u00e1m\u00e1ra pedig H\u00e9v\u00edz gy\u00f3gytava mind\u00f6ssze 9 kilom\u00e9terre tal\u00e1lhat\u00f3, Kehidakust\u00e1ny, Zalakaros \u00e9s Zalaszentgr\u00f3t f\u00fcrd\u0151i szint\u00e9n k\u00f6nnyen megk\u00f6zel\u00edthet\u0151k.<\/p>\n<p class=\"p1\">Az ingatlan haszn\u00e1lt, csal\u00e1di h\u00e1z jelleg\u0171, t\u00e9gla\u00e9p\u00edt\u00e9s\u0171, nett\u00f3 \u00e9s brutt\u00f3 alapter\u00fclete egyar\u00e1nt 143 m\u00b2, a telek m\u00e9rete 1 770 m\u00b2. A terasz m\u00e9rete 60 m\u00b2, a f\u0171t\u00e9s g\u00e1z cirk\u00f3 rendszer\u0171. A lak\u00e1son bel\u00fcli szintek sz\u00e1ma egy, az \u00e1llapot \u00e9s a homlokzat kiv\u00e1l\u00f3. A k\u00f6rny\u00e9k csendes, z\u00f6ld\u00f6vezeti, m\u00e9gis j\u00f3 k\u00f6zleked\u00e9s\u0171 \u00e9s k\u00f6zponti elhelyezked\u00e9s\u0171. Az ingatlan egy gar\u00e1zzsal rendelkezik, egy g\u00e9pj\u00e1rm\u0171 sz\u00e1m\u00e1ra biztos\u00edtva parkol\u00e1st.<\/p>\n<p class=\"p1\"><b>Bitte kontaktieren Sie uns, wenn Sie interessiert sind - verpassen Sie diese seltene Gelegenheit nicht!<\/b><\/p>\n<p class=\"p1\"><b>301.999 EUR (\u00e1rfolyamf\u00fcgg\u0151) vagy 114.799.999 HUF<\/b><\/p>","protected":false},"excerpt":{"rendered":"<div class=\"listing-property justify-content-around col col-print d-flex flex-column text-center border-end border-1 border-gray-100 px-3\">\n<div class=\"listing-property justify-content-around col col-print d-flex flex-column text-center border-end border-1 border-gray-100 px-3\"><span class=\"fw-bold fs-4\">143 m2<\/span><\/div>\n<div class=\"listing-property justify-content-around col col-print d-flex flex-column text-center border-end border-1 border-gray-100 px-3\"><\/div>\n<\/div>\n<div class=\"listing-property justify-content-around col col-print d-flex flex-column text-center border-end border-1 border-gray-100 px-3\"><\/div>","protected":false},"featured_media":2555,"comment_status":"closed","ping_status":"closed","template":"","meta":{"_et_pb_use_builder":"","_et_pb_old_content":"","_et_gb_content_width":"","inline_featured_image":false},"product_brand":[],"product_cat":[21],"product_tag":[],"class_list":{"0":"post-2554","1":"product","2":"type-product","3":"status-publish","4":"has-post-thumbnail","6":"product_cat-elado-ingatlanok","8":"first","9":"instock","10":"shipping-taxable","11":"purchasable","12":"product-type-simple"},"yoast_head":"<!-- This site is optimized with the Yoast SEO plugin v25.7 - https:\/\/yoast.com\/wordpress\/plugins\/seo\/ -->\n<title>143 m2 Fel\u00faj\u00edtott csal\u00e1di h\u00e1z terasszal Zalacs\u00e1ny csendes r\u00e9sz\u00e9n - Dream House Kirilla<\/title>\n<meta name=\"description\" content=\"Kiv\u00e1l\u00f3 \u00e1llapot\u00fa, 143 m\u00b2-es fel\u00faj\u00edtott csal\u00e1di h\u00e1z elad\u00f3 Zalacs\u00e1ny csendes, k\u00f6zponti r\u00e9sz\u00e9n. 1 770 m\u00b2-es telek, 60 m\u00b2-es terasz, gar\u00e1zs, szuter\u00e9n, befektet\u00e9snek is ide\u00e1lis.\" \/>\n<meta name=\"robots\" content=\"index, follow, max-snippet:-1, max-image-preview:large, max-video-preview:-1\" \/>\n<link rel=\"canonical\" href=\"https:\/\/dreamhousekirilla.hu\/de\/product\/felujitott-csaladi-haz-elado-zalacsanyban-nagy-telekkel-es-terasszal\/\" \/>\n<meta property=\"og:locale\" content=\"de_DE\" \/>\n<meta property=\"og:type\" content=\"article\" \/>\n<meta property=\"og:title\" content=\"143 m2 Fel\u00faj\u00edtott csal\u00e1di h\u00e1z terasszal Zalacs\u00e1ny csendes r\u00e9sz\u00e9n - Dream House Kirilla\" \/>\n<meta property=\"og:description\" content=\"Kiv\u00e1l\u00f3 \u00e1llapot\u00fa, 143 m\u00b2-es fel\u00faj\u00edtott csal\u00e1di h\u00e1z elad\u00f3 Zalacs\u00e1ny csendes, k\u00f6zponti r\u00e9sz\u00e9n. 1 770 m\u00b2-es telek, 60 m\u00b2-es terasz, gar\u00e1zs, szuter\u00e9n, befektet\u00e9snek is ide\u00e1lis.\" \/>\n<meta property=\"og:url\" content=\"https:\/\/dreamhousekirilla.hu\/de\/product\/felujitott-csaladi-haz-elado-zalacsanyban-nagy-telekkel-es-terasszal\/\" \/>\n<meta property=\"og:site_name\" content=\"Dream House Kirilla\" \/>\n<meta property=\"article:modified_time\" content=\"2026-02-04T12:36:28+00:00\" \/>\n<meta property=\"og:image\" content=\"https:\/\/dreamhousekirilla.hu\/wp-content\/uploads\/2026\/02\/1.png\" \/>\n\t<meta property=\"og:image:width\" content=\"1320\" \/>\n\t<meta property=\"og:image:height\" content=\"744\" \/>\n\t<meta property=\"og:image:type\" content=\"image\/png\" \/>\n<meta name=\"twitter:card\" content=\"summary_large_image\" \/>\n<meta name=\"twitter:label1\" content=\"Gesch\u00e4tzte Lesezeit\" \/>\n\t<meta name=\"twitter:data1\" content=\"3\u00a0Minuten\" \/>\n<script type=\"application\/ld+json\" class=\"yoast-schema-graph\">{\"@context\":\"https:\/\/schema.org\",\"@graph\":[{\"@type\":\"WebPage\",\"@id\":\"https:\/\/dreamhousekirilla.hu\/termek\/felujitott-csaladi-haz-elado-zalacsanyban-nagy-telekkel-es-terasszal\/\",\"url\":\"https:\/\/dreamhousekirilla.hu\/termek\/felujitott-csaladi-haz-elado-zalacsanyban-nagy-telekkel-es-terasszal\/\",\"name\":\"143 m2 Fel\u00faj\u00edtott csal\u00e1di h\u00e1z terasszal Zalacs\u00e1ny csendes r\u00e9sz\u00e9n - Dream House Kirilla\",\"isPartOf\":{\"@id\":\"https:\/\/dreamhousekirilla.hu\/#website\"},\"primaryImageOfPage\":{\"@id\":\"https:\/\/dreamhousekirilla.hu\/termek\/felujitott-csaladi-haz-elado-zalacsanyban-nagy-telekkel-es-terasszal\/#primaryimage\"},\"image\":{\"@id\":\"https:\/\/dreamhousekirilla.hu\/termek\/felujitott-csaladi-haz-elado-zalacsanyban-nagy-telekkel-es-terasszal\/#primaryimage\"},\"thumbnailUrl\":\"https:\/\/dreamhousekirilla.hu\/wp-content\/uploads\/2026\/02\/1.png\",\"datePublished\":\"2026-02-04T12:23:21+00:00\",\"dateModified\":\"2026-02-04T12:36:28+00:00\",\"description\":\"Kiv\u00e1l\u00f3 \u00e1llapot\u00fa, 143 m\u00b2-es fel\u00faj\u00edtott csal\u00e1di h\u00e1z elad\u00f3 Zalacs\u00e1ny csendes, k\u00f6zponti r\u00e9sz\u00e9n. 1 770 m\u00b2-es telek, 60 m\u00b2-es terasz, gar\u00e1zs, szuter\u00e9n, befektet\u00e9snek is ide\u00e1lis.\",\"breadcrumb\":{\"@id\":\"https:\/\/dreamhousekirilla.hu\/termek\/felujitott-csaladi-haz-elado-zalacsanyban-nagy-telekkel-es-terasszal\/#breadcrumb\"},\"inLanguage\":\"de\",\"potentialAction\":[{\"@type\":\"ReadAction\",\"target\":[\"https:\/\/dreamhousekirilla.hu\/termek\/felujitott-csaladi-haz-elado-zalacsanyban-nagy-telekkel-es-terasszal\/\"]}]},{\"@type\":\"ImageObject\",\"inLanguage\":\"de\",\"@id\":\"https:\/\/dreamhousekirilla.hu\/termek\/felujitott-csaladi-haz-elado-zalacsanyban-nagy-telekkel-es-terasszal\/#primaryimage\",\"url\":\"https:\/\/dreamhousekirilla.hu\/wp-content\/uploads\/2026\/02\/1.png\",\"contentUrl\":\"https:\/\/dreamhousekirilla.hu\/wp-content\/uploads\/2026\/02\/1.png\",\"width\":1320,\"height\":744},{\"@type\":\"BreadcrumbList\",\"@id\":\"https:\/\/dreamhousekirilla.hu\/termek\/felujitott-csaladi-haz-elado-zalacsanyban-nagy-telekkel-es-terasszal\/#breadcrumb\",\"itemListElement\":[{\"@type\":\"ListItem\",\"position\":1,\"name\":\"Kezd\u0151lap\",\"item\":\"https:\/\/dreamhousekirilla.hu\/\"},{\"@type\":\"ListItem\",\"position\":2,\"name\":\"Shop\",\"item\":\"https:\/\/dreamhousekirilla.hu\/uzlet\/\"},{\"@type\":\"ListItem\",\"position\":3,\"name\":\"143 m2 Fel\u00faj\u00edtott csal\u00e1di h\u00e1z terasszal Zalacs\u00e1ny csendes r\u00e9sz\u00e9n\"}]},{\"@type\":\"WebSite\",\"@id\":\"https:\/\/dreamhousekirilla.hu\/#website\",\"url\":\"https:\/\/dreamhousekirilla.hu\/\",\"name\":\"Dream House Kirilla\",\"description\":\"Real Estate Agency\",\"publisher\":{\"@id\":\"https:\/\/dreamhousekirilla.hu\/#organization\"},\"potentialAction\":[{\"@type\":\"SearchAction\",\"target\":{\"@type\":\"EntryPoint\",\"urlTemplate\":\"https:\/\/dreamhousekirilla.hu\/?s={search_term_string}\"},\"query-input\":{\"@type\":\"PropertyValueSpecification\",\"valueRequired\":true,\"valueName\":\"search_term_string\"}}],\"inLanguage\":\"de\"},{\"@type\":\"Organization\",\"@id\":\"https:\/\/dreamhousekirilla.hu\/#organization\",\"name\":\"Dream House Kirilla - real estate agency\",\"url\":\"https:\/\/dreamhousekirilla.hu\/\",\"logo\":{\"@type\":\"ImageObject\",\"inLanguage\":\"de\",\"@id\":\"https:\/\/dreamhousekirilla.hu\/#\/schema\/logo\/image\/\",\"url\":\"https:\/\/dreamhousekirilla.hu\/wp-content\/uploads\/2025\/07\/Logo-allitott-zold.jpg\",\"contentUrl\":\"https:\/\/dreamhousekirilla.hu\/wp-content\/uploads\/2025\/07\/Logo-allitott-zold.jpg\",\"width\":596,\"height\":275,\"caption\":\"Dream House Kirilla - real estate agency\"},\"image\":{\"@id\":\"https:\/\/dreamhousekirilla.hu\/#\/schema\/logo\/image\/\"}}]}<\/script>\n<!-- \/ Yoast SEO plugin. -->","yoast_head_json":{"title":"143 m2 Fel\u00faj\u00edtott csal\u00e1di h\u00e1z terasszal Zalacs\u00e1ny csendes r\u00e9sz\u00e9n - Dream House Kirilla","description":"Kiv\u00e1l\u00f3 \u00e1llapot\u00fa, 143 m\u00b2-es fel\u00faj\u00edtott csal\u00e1di h\u00e1z elad\u00f3 Zalacs\u00e1ny csendes, k\u00f6zponti r\u00e9sz\u00e9n. 1 770 m\u00b2-es telek, 60 m\u00b2-es terasz, gar\u00e1zs, szuter\u00e9n, befektet\u00e9snek is ide\u00e1lis.","robots":{"index":"index","follow":"follow","max-snippet":"max-snippet:-1","max-image-preview":"max-image-preview:large","max-video-preview":"max-video-preview:-1"},"canonical":"https:\/\/dreamhousekirilla.hu\/de\/product\/felujitott-csaladi-haz-elado-zalacsanyban-nagy-telekkel-es-terasszal\/","og_locale":"de_DE","og_type":"article","og_title":"143 m2 Fel\u00faj\u00edtott csal\u00e1di h\u00e1z terasszal Zalacs\u00e1ny csendes r\u00e9sz\u00e9n - Dream House Kirilla","og_description":"Kiv\u00e1l\u00f3 \u00e1llapot\u00fa, 143 m\u00b2-es fel\u00faj\u00edtott csal\u00e1di h\u00e1z elad\u00f3 Zalacs\u00e1ny csendes, k\u00f6zponti r\u00e9sz\u00e9n. 1 770 m\u00b2-es telek, 60 m\u00b2-es terasz, gar\u00e1zs, szuter\u00e9n, befektet\u00e9snek is ide\u00e1lis.","og_url":"https:\/\/dreamhousekirilla.hu\/de\/product\/felujitott-csaladi-haz-elado-zalacsanyban-nagy-telekkel-es-terasszal\/","og_site_name":"Dream House Kirilla","article_modified_time":"2026-02-04T12:36:28+00:00","og_image":[{"width":1320,"height":744,"url":"https:\/\/dreamhousekirilla.hu\/wp-content\/uploads\/2026\/02\/1.png","type":"image\/png"}],"twitter_card":"summary_large_image","twitter_misc":{"Gesch\u00e4tzte Lesezeit":"3\u00a0Minuten"},"schema":{"@context":"https:\/\/schema.org","@graph":[{"@type":"WebPage","@id":"https:\/\/dreamhousekirilla.hu\/termek\/felujitott-csaladi-haz-elado-zalacsanyban-nagy-telekkel-es-terasszal\/","url":"https:\/\/dreamhousekirilla.hu\/termek\/felujitott-csaladi-haz-elado-zalacsanyban-nagy-telekkel-es-terasszal\/","name":"143 m2 Fel\u00faj\u00edtott csal\u00e1di h\u00e1z terasszal Zalacs\u00e1ny csendes r\u00e9sz\u00e9n - Dream House Kirilla","isPartOf":{"@id":"https:\/\/dreamhousekirilla.hu\/#website"},"primaryImageOfPage":{"@id":"https:\/\/dreamhousekirilla.hu\/termek\/felujitott-csaladi-haz-elado-zalacsanyban-nagy-telekkel-es-terasszal\/#primaryimage"},"image":{"@id":"https:\/\/dreamhousekirilla.hu\/termek\/felujitott-csaladi-haz-elado-zalacsanyban-nagy-telekkel-es-terasszal\/#primaryimage"},"thumbnailUrl":"https:\/\/dreamhousekirilla.hu\/wp-content\/uploads\/2026\/02\/1.png","datePublished":"2026-02-04T12:23:21+00:00","dateModified":"2026-02-04T12:36:28+00:00","description":"Kiv\u00e1l\u00f3 \u00e1llapot\u00fa, 143 m\u00b2-es fel\u00faj\u00edtott csal\u00e1di h\u00e1z elad\u00f3 Zalacs\u00e1ny csendes, k\u00f6zponti r\u00e9sz\u00e9n. 1 770 m\u00b2-es telek, 60 m\u00b2-es terasz, gar\u00e1zs, szuter\u00e9n, befektet\u00e9snek is ide\u00e1lis.","breadcrumb":{"@id":"https:\/\/dreamhousekirilla.hu\/termek\/felujitott-csaladi-haz-elado-zalacsanyban-nagy-telekkel-es-terasszal\/#breadcrumb"},"inLanguage":"de","potentialAction":[{"@type":"ReadAction","target":["https:\/\/dreamhousekirilla.hu\/termek\/felujitott-csaladi-haz-elado-zalacsanyban-nagy-telekkel-es-terasszal\/"]}]},{"@type":"ImageObject","inLanguage":"de","@id":"https:\/\/dreamhousekirilla.hu\/termek\/felujitott-csaladi-haz-elado-zalacsanyban-nagy-telekkel-es-terasszal\/#primaryimage","url":"https:\/\/dreamhousekirilla.hu\/wp-content\/uploads\/2026\/02\/1.png","contentUrl":"https:\/\/dreamhousekirilla.hu\/wp-content\/uploads\/2026\/02\/1.png","width":1320,"height":744},{"@type":"BreadcrumbList","@id":"https:\/\/dreamhousekirilla.hu\/termek\/felujitott-csaladi-haz-elado-zalacsanyban-nagy-telekkel-es-terasszal\/#breadcrumb","itemListElement":[{"@type":"ListItem","position":1,"name":"Kezd\u0151lap","item":"https:\/\/dreamhousekirilla.hu\/"},{"@type":"ListItem","position":2,"name":"Shop","item":"https:\/\/dreamhousekirilla.hu\/uzlet\/"},{"@type":"ListItem","position":3,"name":"143 m2 Fel\u00faj\u00edtott csal\u00e1di h\u00e1z terasszal Zalacs\u00e1ny csendes r\u00e9sz\u00e9n"}]},{"@type":"WebSite","@id":"https:\/\/dreamhousekirilla.hu\/#website","url":"https:\/\/dreamhousekirilla.hu\/","name":"DREAM HOUSE Kirilla","description":"Immobilienb\u00fcro","publisher":{"@id":"https:\/\/dreamhousekirilla.hu\/#organization"},"potentialAction":[{"@type":"SearchAction","target":{"@type":"EntryPoint","urlTemplate":"https:\/\/dreamhousekirilla.hu\/?s={search_term_string}"},"query-input":{"@type":"PropertyValueSpecification","valueRequired":true,"valueName":"search_term_string"}}],"inLanguage":"de"},{"@type":"Organization","@id":"https:\/\/dreamhousekirilla.hu\/#organization","name":"Traumhaus Kirilla - Immobilienb\u00fcro","url":"https:\/\/dreamhousekirilla.hu\/","logo":{"@type":"ImageObject","inLanguage":"de","@id":"https:\/\/dreamhousekirilla.hu\/#\/schema\/logo\/image\/","url":"https:\/\/dreamhousekirilla.hu\/wp-content\/uploads\/2025\/07\/Logo-allitott-zold.jpg","contentUrl":"https:\/\/dreamhousekirilla.hu\/wp-content\/uploads\/2025\/07\/Logo-allitott-zold.jpg","width":596,"height":275,"caption":"Dream House Kirilla - real estate agency"},"image":{"@id":"https:\/\/dreamhousekirilla.hu\/#\/schema\/logo\/image\/"}}]}},"_links":{"self":[{"href":"https:\/\/dreamhousekirilla.hu\/de\/wp-json\/wp\/v2\/product\/2554","targetHints":{"allow":["GET"]}}],"collection":[{"href":"https:\/\/dreamhousekirilla.hu\/de\/wp-json\/wp\/v2\/product"}],"about":[{"href":"https:\/\/dreamhousekirilla.hu\/de\/wp-json\/wp\/v2\/types\/product"}],"replies":[{"embeddable":true,"href":"https:\/\/dreamhousekirilla.hu\/de\/wp-json\/wp\/v2\/comments?post=2554"}],"wp:featuredmedia":[{"embeddable":true,"href":"https:\/\/dreamhousekirilla.hu\/de\/wp-json\/wp\/v2\/media\/2555"}],"wp:attachment":[{"href":"https:\/\/dreamhousekirilla.hu\/de\/wp-json\/wp\/v2\/media?parent=2554"}],"wp:term":[{"taxonomy":"product_brand","embeddable":true,"href":"https:\/\/dreamhousekirilla.hu\/de\/wp-json\/wp\/v2\/product_brand?post=2554"},{"taxonomy":"product_cat","embeddable":true,"href":"https:\/\/dreamhousekirilla.hu\/de\/wp-json\/wp\/v2\/product_cat?post=2554"},{"taxonomy":"product_tag","embeddable":true,"href":"https:\/\/dreamhousekirilla.hu\/de\/wp-json\/wp\/v2\/product_tag?post=2554"}],"curies":[{"name":"wp","href":"https:\/\/api.w.org\/{rel}","templated":true}]}}