{"id":2487,"date":"2026-02-02T13:54:01","date_gmt":"2026-02-02T12:54:01","guid":{"rendered":"https:\/\/dreamhousekirilla.hu\/?post_type=product&#038;p=2487"},"modified":"2026-02-02T14:06:46","modified_gmt":"2026-02-02T13:06:46","slug":"ketszintes-csaladi-haz-elado-zalacsanyban-220-m%c2%b2-nagy-kert","status":"publish","type":"product","link":"https:\/\/dreamhousekirilla.hu\/en\/product\/ketszintes-csaladi-haz-elado-zalacsanyban-220-m%c2%b2-nagy-kert\/","title":{"rendered":"<b>220 m2<\/b> <br>K\u00e9tszintes csal\u00e1di h\u00e1z Zalacs\u00e1nyban nagy kerttel"},"content":{"rendered":"<p class=\"p1\">Elad\u00e1sra k\u00edn\u00e1lunk Zalacs\u00e1ny egyik k\u00f6zkedvelt, nyugodt utc\u00e1j\u00e1ban egy kiv\u00e1l\u00f3 adotts\u00e1gokkal rendelkez\u0151, 220 m\u00b2 alapter\u00fclet\u0171, k\u00e9tszintes csal\u00e1di h\u00e1zat, 974 m\u00b2-es, gondozhat\u00f3 m\u00e9ret\u0171 telken. Az ingatlan szerkezeti \u00e1llapota kifog\u00e1stalan, stabil \u00e9s sz\u00e1raz falazattal, j\u00f3 \u00e1ltal\u00e1nos m\u0171szaki \u00e1llapottal rendelkezik, \u00edgy hossz\u00fa t\u00e1von is biztons\u00e1gos \u00e9s \u00e9rt\u00e9k\u00e1ll\u00f3 v\u00e1laszt\u00e1s.<\/p>\n<p class=\"p1\">A f\u00f6ldszint egy t\u00e1gas, vil\u00e1gos fogad\u00f3- \u00e9s el\u0151t\u00e9rrel indul, ahonnan k\u00e9nyelmesen megk\u00f6zel\u00edthet\u0151 a nagy m\u00e9ret\u0171 nappali, valamint a sz\u00e9p \u00e1llapot\u00fa, teljesen felszerelt konyha. A konyh\u00e1hoz egy praktikus spejz kapcsol\u00f3dik, amely ny\u00e1ri konyhak\u00e9nt is funkcion\u00e1l. Ezen a szinten tal\u00e1lhat\u00f3 tov\u00e1bb\u00e1 egy k\u00fcl\u00f6n\u00e1ll\u00f3 szoba, amely jelenleg h\u00e1l\u00f3szobak\u00e9nt szolg\u00e1l, de elrendez\u00e9se miatt ide\u00e1lis lehet dolgoz\u00f3szob\u00e1nak vagy vend\u00e9gszob\u00e1nak is. Az als\u00f3 szinten helyet kapott egy zuhanyz\u00f3val \u00e9s f\u00fcrd\u0151k\u00e1ddal felszerelt f\u00fcrd\u0151szoba, egy k\u00fcl\u00f6n\u00e1ll\u00f3 mell\u00e9khelyis\u00e9g, valamint egy mos\u00f3konyha, amely szint\u00e9n saj\u00e1t WC-vel rendelkezik.<\/p>\n<p class=\"p1\">Az emeletre a bej\u00e1rati r\u00e9szb\u0151l indul\u00f3 l\u00e9pcs\u0151 vezet fel, ahol egy t\u00e1gas k\u00f6zleked\u0151 t\u00e9rb\u0151l ny\u00edlik h\u00e1rom k\u00fcl\u00f6n\u00e1ll\u00f3 h\u00e1l\u00f3szoba. A f\u00f6ldszint nemr\u00e9giben tisztas\u00e1gi fest\u00e9sen esett \u00e1t, m\u00edg az emeleti helyis\u00e9gek friss\u00edt\u00e9se az \u00faj tulajdonos ig\u00e9nyei szerint m\u00e9g sz\u00fcks\u00e9ges, \u00edgy lehet\u0151s\u00e9get ad a szem\u00e9lyre szab\u00e1sra.<\/p>\n<p class=\"p1\">A telek els\u0151 r\u00e9sze t\u00e9rk\u00f6vezett, itt tal\u00e1lhat\u00f3 egy hangulatos pavilon, valamint egy rendk\u00edv\u00fcl t\u00e1gas, h\u00e1rom f\u00e9r\u0151helyes gar\u00e1zs. A kert h\u00e1ts\u00f3 r\u00e9sz\u00e9ben t\u00f6bb mell\u00e9k\u00e9p\u00fclet kapott helyet, amelyek kiv\u00e1l\u00f3an alkalmasak t\u00e1rol\u00e1sra vagy ak\u00e1r tov\u00e1bbi j\u00e1rm\u0171vek elhelyez\u00e9s\u00e9re, tov\u00e1bb\u00e1 a f\u0151\u00e9p\u00fclethez k\u00f6zvetlen\u00fcl csatlakozik egy pince is. A mell\u00e9k\u00e9p\u00fcletek nagy kapukon kereszt\u00fcl is megk\u00f6zel\u00edthet\u0151k, ami k\u00fcl\u00f6n\u00f6sen el\u0151ny\u00f6s aut\u00f3t\u00e1rol\u00e1s vagy m\u0171hely kialak\u00edt\u00e1sa eset\u00e9n.<\/p>\n<p class=\"p1\">Az otthon f\u0171t\u00e9s\u00e9t vegyes t\u00fczel\u00e9s\u0171 kaz\u00e1n biztos\u00edtja, valamint egy eszt\u00e9tikus \u00e9s hat\u00e9kony cser\u00e9pk\u00e1lyha is hozz\u00e1j\u00e1rul a kellemes h\u0151\u00e9rzethez. Az ingatlan szigetelt, j\u00f3 \u00e1llapot\u00fa, jelenleg lakott, azonban ad\u00e1sv\u00e9tel eset\u00e9n teljesen ki\u00fcr\u00edtve \u00e9s rendezett \u00e1llapotban ker\u00fcl \u00e1tad\u00e1sra. B\u00e1r egyes r\u00e9szei fel\u00faj\u00edt\u00e1st ig\u00e9nyelhetnek, a k\u00f6rny\u00e9k ingatlanpiaci \u00e1raihoz viszony\u00edtva kimagasl\u00f3 \u00e1r-\u00e9rt\u00e9k ar\u00e1nyt k\u00e9pvisel.<\/p>\n<p class=\"p1\">Ez a csal\u00e1di h\u00e1z ide\u00e1lis v\u00e1laszt\u00e1s lehet nagyobb csal\u00e1dok sz\u00e1m\u00e1ra, t\u00f6bbgener\u00e1ci\u00f3s egy\u00fctt\u00e9l\u00e9sre vagy ak\u00e1r v\u00e1llalkoz\u00e1ssal kombin\u00e1lt lakhat\u00e1s c\u00e9lj\u00e1ra is. \u00c9rdekl\u0151d\u00e9s eset\u00e9n keressen benn\u00fcnket bizalommal, \u00e9s ne hagyja ki ezt a ritka lehet\u0151s\u00e9get Zalacs\u00e1ny egyik legkedveltebb r\u00e9sz\u00e9n.<\/p>\n<p class=\"p1\">V\u00e9tel\u00e1r: 224.999 EUR (\u00e1rfolyamf\u00fcgg\u0151) vagy 84.999.999 Ft.<\/p>","protected":false},"excerpt":{"rendered":"<div class=\"listing-property justify-content-around col col-print d-flex flex-column text-center border-end border-1 border-gray-100 px-3\">\n<div class=\"listing-property justify-content-around col col-print d-flex flex-column text-center border-end border-1 border-gray-100 px-3\"><span class=\"fw-bold fs-4\">220 m2<\/span><\/div>\n<div class=\"listing-property justify-content-around col col-print d-flex flex-column text-center border-end border-1 border-gray-100 px-3\"><\/div>\n<\/div>\n<div class=\"listing-property justify-content-around col col-print d-flex flex-column text-center border-end border-1 border-gray-100 px-3\"><\/div>","protected":false},"featured_media":2488,"comment_status":"closed","ping_status":"closed","template":"","meta":{"_et_pb_use_builder":"","_et_pb_old_content":"","_et_gb_content_width":"","inline_featured_image":false},"product_brand":[],"product_cat":[21],"product_tag":[],"class_list":{"0":"post-2487","1":"product","2":"type-product","3":"status-publish","4":"has-post-thumbnail","6":"product_cat-elado-ingatlanok","8":"first","9":"instock","10":"shipping-taxable","11":"purchasable","12":"product-type-simple"},"yoast_head":"<!-- This site is optimized with the Yoast SEO plugin v25.7 - https:\/\/yoast.com\/wordpress\/plugins\/seo\/ -->\n<title>220 m2 K\u00e9tszintes csal\u00e1di h\u00e1z Zalacs\u00e1nyban nagy kerttel - Dream House Kirilla<\/title>\n<meta name=\"description\" content=\"Elad\u00f3 Zalacs\u00e1ny egyik kedvelt utc\u00e1j\u00e1ban egy 220 m\u00b2-es k\u00e9tszintes csal\u00e1di h\u00e1z 974 m\u00b2-es telekkel. J\u00f3 \u00e1llapot\u00fa, t\u00e1gas otthon nagy nappalival, felszerelt konyh\u00e1val \u00e9s 3 h\u00e1l\u00f3szob\u00e1val. Ide\u00e1lis nagycsal\u00e1dosoknak vagy t\u00f6bbgener\u00e1ci\u00f3s lakhat\u00e1sra.\" \/>\n<meta name=\"robots\" content=\"index, follow, max-snippet:-1, max-image-preview:large, max-video-preview:-1\" \/>\n<link rel=\"canonical\" href=\"https:\/\/dreamhousekirilla.hu\/en\/product\/ketszintes-csaladi-haz-elado-zalacsanyban-220-m\u00b2-nagy-kert\/\" \/>\n<meta property=\"og:locale\" content=\"en_US\" \/>\n<meta property=\"og:type\" content=\"article\" \/>\n<meta property=\"og:title\" content=\"220 m2 K\u00e9tszintes csal\u00e1di h\u00e1z Zalacs\u00e1nyban nagy kerttel - Dream House Kirilla\" \/>\n<meta property=\"og:description\" content=\"Elad\u00f3 Zalacs\u00e1ny egyik kedvelt utc\u00e1j\u00e1ban egy 220 m\u00b2-es k\u00e9tszintes csal\u00e1di h\u00e1z 974 m\u00b2-es telekkel. J\u00f3 \u00e1llapot\u00fa, t\u00e1gas otthon nagy nappalival, felszerelt konyh\u00e1val \u00e9s 3 h\u00e1l\u00f3szob\u00e1val. Ide\u00e1lis nagycsal\u00e1dosoknak vagy t\u00f6bbgener\u00e1ci\u00f3s lakhat\u00e1sra.\" \/>\n<meta property=\"og:url\" content=\"https:\/\/dreamhousekirilla.hu\/en\/product\/ketszintes-csaladi-haz-elado-zalacsanyban-220-m\u00b2-nagy-kert\/\" \/>\n<meta property=\"og:site_name\" content=\"Dream House Kirilla\" \/>\n<meta property=\"article:modified_time\" content=\"2026-02-02T13:06:46+00:00\" \/>\n<meta property=\"og:image\" content=\"https:\/\/dreamhousekirilla.hu\/wp-content\/uploads\/2026\/02\/IMG_8146-scaled.jpeg\" \/>\n\t<meta property=\"og:image:width\" content=\"2560\" \/>\n\t<meta property=\"og:image:height\" content=\"1920\" \/>\n\t<meta property=\"og:image:type\" content=\"image\/jpeg\" \/>\n<meta name=\"twitter:card\" content=\"summary_large_image\" \/>\n<meta name=\"twitter:label1\" content=\"Est. reading time\" \/>\n\t<meta name=\"twitter:data1\" content=\"2 minutes\" \/>\n<script type=\"application\/ld+json\" class=\"yoast-schema-graph\">{\"@context\":\"https:\/\/schema.org\",\"@graph\":[{\"@type\":\"WebPage\",\"@id\":\"https:\/\/dreamhousekirilla.hu\/termek\/ketszintes-csaladi-haz-elado-zalacsanyban-220-m%c2%b2-nagy-kert\/\",\"url\":\"https:\/\/dreamhousekirilla.hu\/termek\/ketszintes-csaladi-haz-elado-zalacsanyban-220-m%c2%b2-nagy-kert\/\",\"name\":\"220 m2 K\u00e9tszintes csal\u00e1di h\u00e1z Zalacs\u00e1nyban nagy kerttel - Dream House Kirilla\",\"isPartOf\":{\"@id\":\"https:\/\/dreamhousekirilla.hu\/#website\"},\"primaryImageOfPage\":{\"@id\":\"https:\/\/dreamhousekirilla.hu\/termek\/ketszintes-csaladi-haz-elado-zalacsanyban-220-m%c2%b2-nagy-kert\/#primaryimage\"},\"image\":{\"@id\":\"https:\/\/dreamhousekirilla.hu\/termek\/ketszintes-csaladi-haz-elado-zalacsanyban-220-m%c2%b2-nagy-kert\/#primaryimage\"},\"thumbnailUrl\":\"https:\/\/dreamhousekirilla.hu\/wp-content\/uploads\/2026\/02\/IMG_8146-scaled.jpeg\",\"datePublished\":\"2026-02-02T12:54:01+00:00\",\"dateModified\":\"2026-02-02T13:06:46+00:00\",\"description\":\"Elad\u00f3 Zalacs\u00e1ny egyik kedvelt utc\u00e1j\u00e1ban egy 220 m\u00b2-es k\u00e9tszintes csal\u00e1di h\u00e1z 974 m\u00b2-es telekkel. J\u00f3 \u00e1llapot\u00fa, t\u00e1gas otthon nagy nappalival, felszerelt konyh\u00e1val \u00e9s 3 h\u00e1l\u00f3szob\u00e1val. Ide\u00e1lis nagycsal\u00e1dosoknak vagy t\u00f6bbgener\u00e1ci\u00f3s lakhat\u00e1sra.\",\"breadcrumb\":{\"@id\":\"https:\/\/dreamhousekirilla.hu\/termek\/ketszintes-csaladi-haz-elado-zalacsanyban-220-m%c2%b2-nagy-kert\/#breadcrumb\"},\"inLanguage\":\"en-US\",\"potentialAction\":[{\"@type\":\"ReadAction\",\"target\":[\"https:\/\/dreamhousekirilla.hu\/termek\/ketszintes-csaladi-haz-elado-zalacsanyban-220-m%c2%b2-nagy-kert\/\"]}]},{\"@type\":\"ImageObject\",\"inLanguage\":\"en-US\",\"@id\":\"https:\/\/dreamhousekirilla.hu\/termek\/ketszintes-csaladi-haz-elado-zalacsanyban-220-m%c2%b2-nagy-kert\/#primaryimage\",\"url\":\"https:\/\/dreamhousekirilla.hu\/wp-content\/uploads\/2026\/02\/IMG_8146-scaled.jpeg\",\"contentUrl\":\"https:\/\/dreamhousekirilla.hu\/wp-content\/uploads\/2026\/02\/IMG_8146-scaled.jpeg\",\"width\":2560,\"height\":1920},{\"@type\":\"BreadcrumbList\",\"@id\":\"https:\/\/dreamhousekirilla.hu\/termek\/ketszintes-csaladi-haz-elado-zalacsanyban-220-m%c2%b2-nagy-kert\/#breadcrumb\",\"itemListElement\":[{\"@type\":\"ListItem\",\"position\":1,\"name\":\"Kezd\u0151lap\",\"item\":\"https:\/\/dreamhousekirilla.hu\/\"},{\"@type\":\"ListItem\",\"position\":2,\"name\":\"Shop\",\"item\":\"https:\/\/dreamhousekirilla.hu\/uzlet\/\"},{\"@type\":\"ListItem\",\"position\":3,\"name\":\"220 m2 K\u00e9tszintes csal\u00e1di h\u00e1z Zalacs\u00e1nyban nagy kerttel\"}]},{\"@type\":\"WebSite\",\"@id\":\"https:\/\/dreamhousekirilla.hu\/#website\",\"url\":\"https:\/\/dreamhousekirilla.hu\/\",\"name\":\"Dream House Kirilla\",\"description\":\"Real Estate Agency\",\"publisher\":{\"@id\":\"https:\/\/dreamhousekirilla.hu\/#organization\"},\"potentialAction\":[{\"@type\":\"SearchAction\",\"target\":{\"@type\":\"EntryPoint\",\"urlTemplate\":\"https:\/\/dreamhousekirilla.hu\/?s={search_term_string}\"},\"query-input\":{\"@type\":\"PropertyValueSpecification\",\"valueRequired\":true,\"valueName\":\"search_term_string\"}}],\"inLanguage\":\"en-US\"},{\"@type\":\"Organization\",\"@id\":\"https:\/\/dreamhousekirilla.hu\/#organization\",\"name\":\"Dream House Kirilla - real estate agency\",\"url\":\"https:\/\/dreamhousekirilla.hu\/\",\"logo\":{\"@type\":\"ImageObject\",\"inLanguage\":\"en-US\",\"@id\":\"https:\/\/dreamhousekirilla.hu\/#\/schema\/logo\/image\/\",\"url\":\"https:\/\/dreamhousekirilla.hu\/wp-content\/uploads\/2025\/07\/Logo-allitott-zold.jpg\",\"contentUrl\":\"https:\/\/dreamhousekirilla.hu\/wp-content\/uploads\/2025\/07\/Logo-allitott-zold.jpg\",\"width\":596,\"height\":275,\"caption\":\"Dream House Kirilla - real estate agency\"},\"image\":{\"@id\":\"https:\/\/dreamhousekirilla.hu\/#\/schema\/logo\/image\/\"}}]}<\/script>\n<!-- \/ Yoast SEO plugin. -->","yoast_head_json":{"title":"220 m2 K\u00e9tszintes csal\u00e1di h\u00e1z Zalacs\u00e1nyban nagy kerttel - Dream House Kirilla","description":"Elad\u00f3 Zalacs\u00e1ny egyik kedvelt utc\u00e1j\u00e1ban egy 220 m\u00b2-es k\u00e9tszintes csal\u00e1di h\u00e1z 974 m\u00b2-es telekkel. J\u00f3 \u00e1llapot\u00fa, t\u00e1gas otthon nagy nappalival, felszerelt konyh\u00e1val \u00e9s 3 h\u00e1l\u00f3szob\u00e1val. Ide\u00e1lis nagycsal\u00e1dosoknak vagy t\u00f6bbgener\u00e1ci\u00f3s lakhat\u00e1sra.","robots":{"index":"index","follow":"follow","max-snippet":"max-snippet:-1","max-image-preview":"max-image-preview:large","max-video-preview":"max-video-preview:-1"},"canonical":"https:\/\/dreamhousekirilla.hu\/en\/product\/ketszintes-csaladi-haz-elado-zalacsanyban-220-m\u00b2-nagy-kert\/","og_locale":"en_US","og_type":"article","og_title":"220 m2 K\u00e9tszintes csal\u00e1di h\u00e1z Zalacs\u00e1nyban nagy kerttel - Dream House Kirilla","og_description":"Elad\u00f3 Zalacs\u00e1ny egyik kedvelt utc\u00e1j\u00e1ban egy 220 m\u00b2-es k\u00e9tszintes csal\u00e1di h\u00e1z 974 m\u00b2-es telekkel. J\u00f3 \u00e1llapot\u00fa, t\u00e1gas otthon nagy nappalival, felszerelt konyh\u00e1val \u00e9s 3 h\u00e1l\u00f3szob\u00e1val. Ide\u00e1lis nagycsal\u00e1dosoknak vagy t\u00f6bbgener\u00e1ci\u00f3s lakhat\u00e1sra.","og_url":"https:\/\/dreamhousekirilla.hu\/en\/product\/ketszintes-csaladi-haz-elado-zalacsanyban-220-m\u00b2-nagy-kert\/","og_site_name":"Dream House Kirilla","article_modified_time":"2026-02-02T13:06:46+00:00","og_image":[{"width":2560,"height":1920,"url":"https:\/\/dreamhousekirilla.hu\/wp-content\/uploads\/2026\/02\/IMG_8146-scaled.jpeg","type":"image\/jpeg"}],"twitter_card":"summary_large_image","twitter_misc":{"Est. reading time":"2 minutes"},"schema":{"@context":"https:\/\/schema.org","@graph":[{"@type":"WebPage","@id":"https:\/\/dreamhousekirilla.hu\/termek\/ketszintes-csaladi-haz-elado-zalacsanyban-220-m%c2%b2-nagy-kert\/","url":"https:\/\/dreamhousekirilla.hu\/termek\/ketszintes-csaladi-haz-elado-zalacsanyban-220-m%c2%b2-nagy-kert\/","name":"220 m2 K\u00e9tszintes csal\u00e1di h\u00e1z Zalacs\u00e1nyban nagy kerttel - Dream House Kirilla","isPartOf":{"@id":"https:\/\/dreamhousekirilla.hu\/#website"},"primaryImageOfPage":{"@id":"https:\/\/dreamhousekirilla.hu\/termek\/ketszintes-csaladi-haz-elado-zalacsanyban-220-m%c2%b2-nagy-kert\/#primaryimage"},"image":{"@id":"https:\/\/dreamhousekirilla.hu\/termek\/ketszintes-csaladi-haz-elado-zalacsanyban-220-m%c2%b2-nagy-kert\/#primaryimage"},"thumbnailUrl":"https:\/\/dreamhousekirilla.hu\/wp-content\/uploads\/2026\/02\/IMG_8146-scaled.jpeg","datePublished":"2026-02-02T12:54:01+00:00","dateModified":"2026-02-02T13:06:46+00:00","description":"Elad\u00f3 Zalacs\u00e1ny egyik kedvelt utc\u00e1j\u00e1ban egy 220 m\u00b2-es k\u00e9tszintes csal\u00e1di h\u00e1z 974 m\u00b2-es telekkel. J\u00f3 \u00e1llapot\u00fa, t\u00e1gas otthon nagy nappalival, felszerelt konyh\u00e1val \u00e9s 3 h\u00e1l\u00f3szob\u00e1val. Ide\u00e1lis nagycsal\u00e1dosoknak vagy t\u00f6bbgener\u00e1ci\u00f3s lakhat\u00e1sra.","breadcrumb":{"@id":"https:\/\/dreamhousekirilla.hu\/termek\/ketszintes-csaladi-haz-elado-zalacsanyban-220-m%c2%b2-nagy-kert\/#breadcrumb"},"inLanguage":"en-US","potentialAction":[{"@type":"ReadAction","target":["https:\/\/dreamhousekirilla.hu\/termek\/ketszintes-csaladi-haz-elado-zalacsanyban-220-m%c2%b2-nagy-kert\/"]}]},{"@type":"ImageObject","inLanguage":"en-US","@id":"https:\/\/dreamhousekirilla.hu\/termek\/ketszintes-csaladi-haz-elado-zalacsanyban-220-m%c2%b2-nagy-kert\/#primaryimage","url":"https:\/\/dreamhousekirilla.hu\/wp-content\/uploads\/2026\/02\/IMG_8146-scaled.jpeg","contentUrl":"https:\/\/dreamhousekirilla.hu\/wp-content\/uploads\/2026\/02\/IMG_8146-scaled.jpeg","width":2560,"height":1920},{"@type":"BreadcrumbList","@id":"https:\/\/dreamhousekirilla.hu\/termek\/ketszintes-csaladi-haz-elado-zalacsanyban-220-m%c2%b2-nagy-kert\/#breadcrumb","itemListElement":[{"@type":"ListItem","position":1,"name":"Kezd\u0151lap","item":"https:\/\/dreamhousekirilla.hu\/"},{"@type":"ListItem","position":2,"name":"Shop","item":"https:\/\/dreamhousekirilla.hu\/uzlet\/"},{"@type":"ListItem","position":3,"name":"220 m2 K\u00e9tszintes csal\u00e1di h\u00e1z Zalacs\u00e1nyban nagy kerttel"}]},{"@type":"WebSite","@id":"https:\/\/dreamhousekirilla.hu\/#website","url":"https:\/\/dreamhousekirilla.hu\/","name":"Dream House Kirilla","description":"Real Estate Agency","publisher":{"@id":"https:\/\/dreamhousekirilla.hu\/#organization"},"potentialAction":[{"@type":"SearchAction","target":{"@type":"EntryPoint","urlTemplate":"https:\/\/dreamhousekirilla.hu\/?s={search_term_string}"},"query-input":{"@type":"PropertyValueSpecification","valueRequired":true,"valueName":"search_term_string"}}],"inLanguage":"en-US"},{"@type":"Organization","@id":"https:\/\/dreamhousekirilla.hu\/#organization","name":"Dream House Kirilla - real estate agency","url":"https:\/\/dreamhousekirilla.hu\/","logo":{"@type":"ImageObject","inLanguage":"en-US","@id":"https:\/\/dreamhousekirilla.hu\/#\/schema\/logo\/image\/","url":"https:\/\/dreamhousekirilla.hu\/wp-content\/uploads\/2025\/07\/Logo-allitott-zold.jpg","contentUrl":"https:\/\/dreamhousekirilla.hu\/wp-content\/uploads\/2025\/07\/Logo-allitott-zold.jpg","width":596,"height":275,"caption":"Dream House Kirilla - real estate agency"},"image":{"@id":"https:\/\/dreamhousekirilla.hu\/#\/schema\/logo\/image\/"}}]}},"_links":{"self":[{"href":"https:\/\/dreamhousekirilla.hu\/en\/wp-json\/wp\/v2\/product\/2487","targetHints":{"allow":["GET"]}}],"collection":[{"href":"https:\/\/dreamhousekirilla.hu\/en\/wp-json\/wp\/v2\/product"}],"about":[{"href":"https:\/\/dreamhousekirilla.hu\/en\/wp-json\/wp\/v2\/types\/product"}],"replies":[{"embeddable":true,"href":"https:\/\/dreamhousekirilla.hu\/en\/wp-json\/wp\/v2\/comments?post=2487"}],"wp:featuredmedia":[{"embeddable":true,"href":"https:\/\/dreamhousekirilla.hu\/en\/wp-json\/wp\/v2\/media\/2488"}],"wp:attachment":[{"href":"https:\/\/dreamhousekirilla.hu\/en\/wp-json\/wp\/v2\/media?parent=2487"}],"wp:term":[{"taxonomy":"product_brand","embeddable":true,"href":"https:\/\/dreamhousekirilla.hu\/en\/wp-json\/wp\/v2\/product_brand?post=2487"},{"taxonomy":"product_cat","embeddable":true,"href":"https:\/\/dreamhousekirilla.hu\/en\/wp-json\/wp\/v2\/product_cat?post=2487"},{"taxonomy":"product_tag","embeddable":true,"href":"https:\/\/dreamhousekirilla.hu\/en\/wp-json\/wp\/v2\/product_tag?post=2487"}],"curies":[{"name":"wp","href":"https:\/\/api.w.org\/{rel}","templated":true}]}}